{"id":863,"date":"2013-06-12T17:22:45","date_gmt":"2013-06-12T16:22:45","guid":{"rendered":"http:\/\/www.mvtpaix.org\/wordpress\/index.php\/jip-2013\/"},"modified":"2014-09-30T19:34:54","modified_gmt":"2014-09-30T18:34:54","slug":"jip-2013","status":"publish","type":"page","link":"https:\/\/www.mvtpaix.org\/wordpress\/jip-2013\/","title":{"rendered":"Une Journ\u00e9e internationale de la Paix sur le th\u00e8me de l&#8217;\u00e9ducation pour la paix"},"content":{"rendered":"<div align=\"left\">\n<div align=\"justify\">\n<p class=\"Style8\"><strong><a href=\"http:\/\/www.21septembre.org\" target=\"_blank\"><img loading=\"lazy\" src=\"https:\/\/www.mvtpaix.org\/wordpress\/wp-content\/uploads\/2014\/06\/titreJourneeInternationale2012.gif\" alt=\"\" width=\"268\" height=\"186\" align=\"right\" border=\"0\" hspace=\"18\" vspace=\"4\" \/><\/a><\/strong><\/p>\n<p><strong>Urgence \u00e0 mettre en place des programmes d&#8217;\u00e9ducation \u00e0 la paix pour d\u00e9passer le cycle de la violence aliment\u00e9e par les conflits<\/strong><\/p>\n<p>&nbsp;<\/p>\n<p class=\"Style391\">Ann\u00e9es apr\u00e8s ann\u00e9es, le Mouvement de la Paix et <a class=\"moyen\" href=\"#Partenaires\">ses partenaires<\/a> r\u00e9pondent r\u00e9solument \u00e0 l&#8217;appel de l&#8217;ONU \u00e0 l&#8217;occasion de la Journ\u00e9e internationale de la Paix pour renforcer les id\u00e9aux de paix dans un contexte international tr\u00e8s pr\u00e9occupant.<\/p>\n<p>&nbsp;<\/p>\n<p class=\"Style391\">Dans son message du 13 juin, le Secr\u00e9taire g\u00e9n\u00e9ral de l&#8217;ONU annonce le th\u00e8me \u00ab \u00c9ducation pour la paix\u00a0\u00bb en soulignant qu&#8217;il ne suffit pas d&#8217;apprendre aux enfants \u00e0 lire, \u00e9crire et compter, mais qu&#8217;il faut aussi leur enseigner le respect des autres, du monde dans lequel nous vivons, et favoriser ainsi l&#8217;av\u00e8nement de soci\u00e9t\u00e9s plus justes, plus ouvertes et plus harmonieuses.<\/p>\n<p>&nbsp;<\/p>\n<p class=\"Style391\">Le Mouvement de la Paix se r\u00e9jouit de cet appel et invite les institutions, les \u00e9lus, les associations et les \u00e9ducateurs \u00e0 mettre en place de vastes programmes d&#8217;\u00e9ducation pour la paix avec le soutien des m\u00e9dias et des personnalit\u00e9s.<\/p>\n<p>&nbsp;<\/p>\n<p class=\"Style391\">En avril dernier, un concours a \u00e9t\u00e9 lanc\u00e9 au Coll\u00e8ge Rabelais de Vitry-sur-Seine pour la r\u00e9alisation de la nouvelle affiche nationale de la Journ\u00e9e internationale de la Paix. Les \u00e9l\u00e8ves de la 6\u00b0 \u00e0 la 3\u00b0 ont r\u00e9pondu pr\u00e9sent avec au total, pr\u00e8s de 12 classes participantes et une centaine de projets r\u00e9alis\u00e9s. Le laur\u00e9at verra son projet choisi pour illustrer l&#8217;affiche 2013.<\/p>\n<p>&nbsp;<\/p>\n<p class=\"Style391\">Le site internet <a class=\"Style8\" href=\"http:\/\/www.21septembre.org\" target=\"_blank\">www.21septembre.org<\/a> servira comme chaque ann\u00e9e, de catalyseur pour la multitude d&#8217;initiatives locales toujours plus nombreuses.<\/p>\n<p>&nbsp;<\/p>\n<p class=\"Style391\">Que l\u2019\u00e9dition 2013 soit une \u00e9tape importante pour la promotion de la Journ\u00e9e internationale de la Paix, qu&#8217;elle ravive les efforts fondamentaux des collectivit\u00e9s et des citoyens pour l&#8217;\u00e9ducation \u00e0 la paix et \u00e0 la non-violence, pour un monde de s\u00e9curit\u00e9 et de progr\u00e8s social.<em>\n<\/em><\/p>\n<p>&nbsp;<\/p>\n<div>\n<p>&nbsp;<\/p>\n<p class=\"Style391\">\n<p>* Partenaires des ann\u00e9es ant\u00e9rieures<a id=\"Partenaires\" name=\"Partenaires\"><\/a>\u00a0: ONU-UNRIC, AFASPA, AFCDRP, AIEP, ANECR, Appel des Cent, ARAC, CE cheminots de PACA, CGT, Coordination pour l&#8217;\u00e9ducation \u00e0 la non-violence et \u00e0 la paix, CRID, Droit solidarit\u00e9, Enseignants pour la Paix, Femmes Solidaires, FNDIRP, France Am\u00e9rique Latine, Fr\u00e8re des Hommes, FSU, Galerie Art et Paix, Greenpeace, Hamap, IDRP, JOC, LDH, Ligue de l&#8217;Enseignement, Marche Mondiale des femmes, MRAP, Pax Christi, Sortir du Nucl\u00e9aire, Sud PTT, Ville de Saint-Denis.<\/p>\n<p>&nbsp;<\/p>\n<p class=\"Style391\"><em>Partenaires presse\u00a0: Altermondes, Clara Magazine, Humanit\u00e9, L&#8217;\u00e9lu d&#8217;Aujourd&#8217;hui, Plan\u00e8te Paix, Politis, T\u00e9moignage Chr\u00e9tien<\/em><\/p>\n<p>&nbsp;<\/p>\n<\/div>\n<p class=\"Style392\" align=\"right\">Le Mouvement de la Paix<\/p>\n<p style=\"text-align: right;\">Saint-Ouen, le 21 juin 2013<\/p>\n<p>&nbsp;<\/p>\n<p class=\"Style391\" align=\"right\"><span class=\"moyen\">Contacts :\n<\/span>Michel Thouzeau : 06 63 00 84 61. &#x6d;&#105;c&#x68;&#101;l&#x2e;&#116;h&#x6f;&#x75;&#122;&#x65;&#x61;&#117;&#64;&#x6d;&#118;t&#x70;&#97;i&#x78;&#x2e;&#111;&#x72;&#x67;\nPresse: &#99;a&#x74;h&#x65;r&#x69;n&#x65;&#46;&#x72;i&#x6f;&#64;&#x6d;&#118;&#x74;&#112;&#x61;&#105;&#x78;&#46;&#x6f;&#114;&#x67; &#8211;\n01 40 12 72 34<\/p>\n<p>&nbsp;<\/p>\n<\/div>\n<p style=\"text-align: right;\">LE MOUVEMENT DE LA PAIX\nMAISON DE LA PAIX, 9 rue Dulcie September \u2013 93400 Saint-Ouen\nTel : 01 40 12 09 12 &#8211; Fax : 01 40 11 57 87\nSite web : www.mvtpaix.org &#8211; mail : n&#97;&#x74;&#x69;&#x6f;n&#97;&#108;&#x40;&#x6d;v&#116;&#112;&#x61;&#x69;x&#46;&#111;&#x72;&#x67;\nAgr\u00e9\u00e9 Association Nationale de la Jeunesse et d\u2019Education Populaire<\/p>\n<p>&nbsp;<\/p>\n<\/div>\n<a class=\"synved-social-button synved-social-button-share synved-social-size-32 synved-social-resolution-single synved-social-provider-facebook nolightbox\" data-provider=\"facebook\" target=\"_blank\" rel=\"nofollow\" title=\"Partagez cette page sur Facebook\" href=\"https:\/\/www.facebook.com\/sharer.php?u=https%3A%2F%2Fwww.mvtpaix.org%2Fwordpress%2Fwp-json%2Fwp%2Fv2%2Fpages%2F863&#038;t=Une%20Journ%C3%A9e%20internationale%20de%20la%20Paix%20sur%20le%20th%C3%A8me%20de%20l%E2%80%99%C3%A9ducation%20pour%20la%20paix&#038;s=100&#038;p&#091;url&#093;=https%3A%2F%2Fwww.mvtpaix.org%2Fwordpress%2Fwp-json%2Fwp%2Fv2%2Fpages%2F863&#038;p&#091;images&#093;&#091;0&#093;=https%3A%2F%2Fwww.mvtpaix.org%2Fwordpress%2Fwp-content%2Fuploads%2F2014%2F06%2Ffond-neutre.gif&#038;p&#091;title&#093;=Une%20Journ%C3%A9e%20internationale%20de%20la%20Paix%20sur%20le%20th%C3%A8me%20de%20l%E2%80%99%C3%A9ducation%20pour%20la%20paix\" style=\"font-size: 0px; width:32px;height:32px;margin:0;margin-bottom:5px;margin-right:5px;\"><img alt=\"Facebook\" title=\"Partagez cette page sur Facebook\" class=\"synved-share-image synved-social-image synved-social-image-share\" width=\"32\" height=\"32\" style=\"display: inline; width:32px;height:32px; margin: 0; padding: 0; border: none; box-shadow: none;\" src=\"https:\/\/www.mvtpaix.org\/wordpress\/wp-content\/plugins\/social-media-feather\/synved-social\/image\/social\/regular\/64x64\/facebook.png\" \/><\/a><a class=\"synved-social-button synved-social-button-share synved-social-size-32 synved-social-resolution-single synved-social-provider-twitter nolightbox\" data-provider=\"twitter\" target=\"_blank\" rel=\"nofollow\" title=\"Partagez cette page sur Twitter\" href=\"https:\/\/twitter.com\/intent\/tweet?url=https%3A%2F%2Fwww.mvtpaix.org%2Fwordpress%2Fwp-json%2Fwp%2Fv2%2Fpages%2F863&#038;text=Suivez%20le%20Mouvement%20de%20la%20Paix%20\" style=\"font-size: 0px; width:32px;height:32px;margin:0;margin-bottom:5px;margin-right:5px;\"><img alt=\"twitter\" title=\"Partagez cette page sur Twitter\" class=\"synved-share-image synved-social-image synved-social-image-share\" width=\"32\" height=\"32\" style=\"display: inline; width:32px;height:32px; margin: 0; padding: 0; border: none; box-shadow: none;\" src=\"https:\/\/www.mvtpaix.org\/wordpress\/wp-content\/plugins\/social-media-feather\/synved-social\/image\/social\/regular\/64x64\/twitter.png\" \/><\/a><a class=\"synved-social-button synved-social-button-share synved-social-size-32 synved-social-resolution-single synved-social-provider-mail nolightbox\" data-provider=\"mail\" rel=\"nofollow\" title=\"Partagez-nous par email\" href=\"mailto:?subject=Une%20Journ%C3%A9e%20internationale%20de%20la%20Paix%20sur%20le%20th%C3%A8me%20de%20l%E2%80%99%C3%A9ducation%20pour%20la%20paix&#038;body=Suivez%20le%20Mouvement%20de%20la%20Paix%20:%20https%3A%2F%2Fwww.mvtpaix.org%2Fwordpress%2Fwp-json%2Fwp%2Fv2%2Fpages%2F863\" style=\"font-size: 0px; width:32px;height:32px;margin:0;margin-bottom:5px;\"><img alt=\"mail\" title=\"Partagez-nous par email\" class=\"synved-share-image synved-social-image synved-social-image-share\" width=\"32\" height=\"32\" style=\"display: inline; width:32px;height:32px; margin: 0; padding: 0; border: none; box-shadow: none;\" src=\"https:\/\/www.mvtpaix.org\/wordpress\/wp-content\/plugins\/social-media-feather\/synved-social\/image\/social\/regular\/64x64\/mail.png\" \/><\/a>","protected":false},"excerpt":{"rendered":"<p>Urgence \u00e0 mettre en place des programmes d&#8217;\u00e9ducation \u00e0 la paix pour d\u00e9passer le cycle de la violence aliment\u00e9e par les conflits &nbsp; Ann\u00e9es apr\u00e8s ann\u00e9es, le Mouvement de la Paix et ses partenaires r\u00e9pondent r\u00e9solument \u00e0 l&#8217;appel de l&#8217;ONU \u00e0 l&#8217;occasion de la Journ\u00e9e internationale de la Paix pour renforcer les id\u00e9aux de paix [&hellip;]<\/p>\n","protected":false},"author":1,"featured_media":89771,"parent":0,"menu_order":0,"comment_status":"open","ping_status":"closed","template":"","meta":[],"categories":[3],"tags":[],"_links":{"self":[{"href":"https:\/\/www.mvtpaix.org\/wordpress\/wp-json\/wp\/v2\/pages\/863"}],"collection":[{"href":"https:\/\/www.mvtpaix.org\/wordpress\/wp-json\/wp\/v2\/pages"}],"about":[{"href":"https:\/\/www.mvtpaix.org\/wordpress\/wp-json\/wp\/v2\/types\/page"}],"author":[{"embeddable":true,"href":"https:\/\/www.mvtpaix.org\/wordpress\/wp-json\/wp\/v2\/users\/1"}],"replies":[{"embeddable":true,"href":"https:\/\/www.mvtpaix.org\/wordpress\/wp-json\/wp\/v2\/comments?post=863"}],"version-history":[{"count":3,"href":"https:\/\/www.mvtpaix.org\/wordpress\/wp-json\/wp\/v2\/pages\/863\/revisions"}],"predecessor-version":[{"id":1094,"href":"https:\/\/www.mvtpaix.org\/wordpress\/wp-json\/wp\/v2\/pages\/863\/revisions\/1094"}],"wp:featuredmedia":[{"embeddable":true,"href":"https:\/\/www.mvtpaix.org\/wordpress\/wp-json\/wp\/v2\/media\/89771"}],"wp:attachment":[{"href":"https:\/\/www.mvtpaix.org\/wordpress\/wp-json\/wp\/v2\/media?parent=863"}],"wp:term":[{"taxonomy":"category","embeddable":true,"href":"https:\/\/www.mvtpaix.org\/wordpress\/wp-json\/wp\/v2\/categories?post=863"},{"taxonomy":"post_tag","embeddable":true,"href":"https:\/\/www.mvtpaix.org\/wordpress\/wp-json\/wp\/v2\/tags?post=863"}],"curies":[{"name":"wp","href":"https:\/\/api.w.org\/{rel}","templated":true}]}}