{"id":857,"date":"2013-06-12T17:22:40","date_gmt":"2013-06-12T16:22:40","guid":{"rendered":"http:\/\/www.mvtpaix.org\/wordpress\/index.php\/geneve2-2013\/"},"modified":"2014-09-30T19:30:31","modified_gmt":"2014-09-30T18:30:31","slug":"geneve2-2013","status":"publish","type":"page","link":"https:\/\/www.mvtpaix.org\/wordpress\/geneve2-2013\/","title":{"rendered":"Gen\u00e8ve 2 : la conf\u00e9rence indispensable"},"content":{"rendered":"<div align=\"justify\">\n<div align=\"center\">\n<div align=\"left\">\n<div class=\"Style391\" align=\"justify\">\n<p>&nbsp;<\/p>\n<p><img style=\"width: 301px; height: 167px;\" src=\"https:\/\/www.mvtpaix.org\/wordpress\/wp-content\/uploads\/2014\/06\/KofiAnnan.jpg\" alt=\"Kofi Annan\" align=\"right\" hspace=\"18\" vspace=\"4\" \/>La\nr\u00e9solution 2118 vot\u00e9e par l\u2019ONU \u00e0 l\u2019unanimit\u00e9 suscite beaucoup\nd\u2019espoir, pr\u00e9voyant une conf\u00e9rence destin\u00e9e \u00e0 mettre au point un\nprocessus politique de transition qui selon le Conseil de s\u00e9curit\u00e9 <span style=\"font-style: italic;\">\u00ab\ndoit \u00eatre men\u00e9 par les Syriens eux-m\u00eames\u2026 toutes les parties syriennes\nrepr\u00e9sentatives du peuple syrien \u00e9tant invit\u00e9es \u00e0 y participer afin\nd\u2019instaurer la stabilit\u00e9 et la r\u00e9conciliation \u00bb.<\/span><\/p>\n<p>&nbsp;<\/p>\n<p>Le Mouvement de la paix s\u2019est f\u00e9licit\u00e9 du renoncement \u00e0 une intervention arm\u00e9e.\u00a0Le poids de l\u2019opinion publique, hostile partout\ndans le monde \u00e0 cette option, a jou\u00e9 un r\u00f4le consid\u00e9rable. Nous saluons\n\u00e9galement les avanc\u00e9es rapides des op\u00e9rations de contr\u00f4le et de\ndestruction des armes chimiques men\u00e9es par\u00a0 l&#8217;OIAC (Organisation\npour l&#8217;interdiction des armes chimiques).<\/p>\n<p><span class=\"moyen\">Cependant le calvaire de la population syrienne se poursuit. Les bombardements et les combats continuent.<\/span>\u00a0C\u2019est pourquoi Le Mouvement de\nla paix demande au Gouvernement fran\u00e7ais, \u00e0 l\u2019Union europ\u00e9enne de jouer\nun r\u00f4le actif pour la pr\u00e9paration et la r\u00e9ussite de la Conf\u00e9rence qui\ndoit se tenir dans les conditions accept\u00e9es par toutes les parties, sur\nla base du plan \u00abGen\u00e8ve 1\u00bb de Kofi Annan de juillet 2012 qui\npr\u00e9voit, selon ses d\u00e9clarations :<span style=\"font-style: italic;\"> la formation d\u2019un gouvernement de\ntransition form\u00e9 sur la base du consentement mutuel entre les parties,\ndisposant des pouvoirs ex\u00e9cutifs, la nomination d\u2019un interlocuteur pour\ntravailler sur le plan de transition. Une r\u00e9vision constitutionnelle\ndevrait \u00eatre lanc\u00e9e puis soumise \u00e0 l\u2019approbation de la population, et\nsuivie de l\u2019organisation d\u2019\u00e9lections libres et ouvertes \u00e0 tous les\npartis.<\/span><\/p>\n<p>Le Mouvement de la Paix r\u00e9affirme\u00a0 son exigence d\u2019un embargo\nsur les armes, d\u2019un cessez le feu (pr\u00e9vu dans le plan de Kofi Annan) et\nde la cessation de toute ing\u00e9rence ext\u00e9rieure tant des \u00e9tats que des\ngroupes arm\u00e9s. Malheureusement, des blocages graves se font jour,\nmettant en p\u00e9ril la tenue rapide de la Conf\u00e9rence. La Coalition\nnationale syrienne, seule reconnue actuellement pour repr\u00e9senter\nl\u2019opposition, h\u00e9site pour sa participation \u00e0 Gen\u00e8ve 2, des dissensions\ngraves existent en son sein, et Bachar Al Assad, coop\u00e9rant positivement\navec l\u2019OIAC, tente de profiter de la situation pour op\u00e9rer son maintien\nau pouvoir envers et contre tout.<\/p>\n<p><span class=\"moyen\">Le Mouvement de la paix soutient le processus de Gen\u00e8ve 2 et le r\u00f4le primordial de l\u2019ONU.<\/span>\u00a0Il doit se tenir avec l\u2019ensemble des acteurs\nimpliqu\u00e9s sans exclusive. Le gouvernement fran\u00e7ais aurait la capacit\u00e9\nd\u2019organiser la concertation avec les ONG non-violentes et la\u00efques de la\nsoci\u00e9t\u00e9\u00a0 civile syrienne qui prennent en charge actuellement\nl\u2019organisation administrative et l\u2019aide humanitaire en Syrie,\nparticuli\u00e8rement dans les zones lib\u00e9r\u00e9es, et les organisations qui\n\u0153uvrent\u00a0 avec elles en France. Favoriser leur expression et leur\nintervention permettrait de garantir un pluralisme de la repr\u00e9sentation\nde la soci\u00e9t\u00e9 syrienne lors de la Conf\u00e9rence. Le gouvernement fran\u00e7ais\na \u00e9galement la responsabilit\u00e9 d\u2019intervenir pour la lib\u00e9ration des\nprisonniers politiques, des journalistes et des personnalit\u00e9s otages,\net de faire un effort suppl\u00e9mentaire pour l\u2019aide et l\u2019accueil des\nr\u00e9fugi\u00e9s.<\/p>\n<p><span class=\"moyen\">Enfin pour que la soci\u00e9t\u00e9 syrienne puisse se reconstruire, la justice est n\u00e9cessaire.<\/span>\u00a0Elle suppose la traduction en justice des auteurs de\ncrimes de guerre, de quelques origines qu\u2019ils soient.<\/p>\n<p class=\"Style392\" align=\"right\">Le Mouvement de la Paix<\/p>\n<p>Saint-Ouen, le 8 novembre 2013<\/p>\n<p>&nbsp;<\/p>\n<p class=\"Style391\" align=\"right\"><span class=\"moyen\">Contact :\n<\/span><\/p>\n<p>Guillaume du Souich : &#110;&#111;&#x75;s&#115;&#x40;&#x6d;v&#116;&#x70;&#x61;i&#120;&#x2e;o&#114;&#x67; &#8211; 06 81 64 74 52<\/p>\n<\/div>\n<p>LE MOUVEMENT DE LA PAIX<\/p>\n<p>MAISON DE LA PAIX, 9 rue Dulcie September \u2013 93400 Saint-Ouen<\/p>\n<p>Tel : 01 40 12 09 12 &#8211; Fax : 01 40 11 57 87<\/p>\n<p>Site web : www.mvtpaix.org &#8211; mail : &#x6e;a&#x74;&#105;&#x6f;&#110;a&#x6c;&#64;&#x6d;&#118;&#x74;&#112;a&#x69;&#120;&#x2e;&#111;r&#x67;<\/p>\n<p>Agr\u00e9\u00e9 Association Nationale de la Jeunesse et d\u2019Education Populaire<\/p>\n<p>&nbsp;<\/p>\n<\/div>\n<p>&nbsp;<\/p>\n<\/div>\n<p>&nbsp;<\/p>\n<\/div>\n<a class=\"synved-social-button synved-social-button-share synved-social-size-32 synved-social-resolution-single synved-social-provider-facebook nolightbox\" data-provider=\"facebook\" target=\"_blank\" rel=\"nofollow\" title=\"Partagez cette page sur Facebook\" href=\"https:\/\/www.facebook.com\/sharer.php?u=https%3A%2F%2Fwww.mvtpaix.org%2Fwordpress%2Fwp-json%2Fwp%2Fv2%2Fpages%2F857&#038;t=Gen%C3%A8ve%202%20%3A%20la%20conf%C3%A9rence%20indispensable&#038;s=100&#038;p&#091;url&#093;=https%3A%2F%2Fwww.mvtpaix.org%2Fwordpress%2Fwp-json%2Fwp%2Fv2%2Fpages%2F857&#038;p&#091;images&#093;&#091;0&#093;=https%3A%2F%2Fwww.mvtpaix.org%2Fwordpress%2Fwp-content%2Fuploads%2F2014%2F06%2Ffond-neutre.gif&#038;p&#091;title&#093;=Gen%C3%A8ve%202%20%3A%20la%20conf%C3%A9rence%20indispensable\" style=\"font-size: 0px; width:32px;height:32px;margin:0;margin-bottom:5px;margin-right:5px;\"><img alt=\"Facebook\" title=\"Partagez cette page sur Facebook\" class=\"synved-share-image synved-social-image synved-social-image-share\" width=\"32\" height=\"32\" style=\"display: inline; width:32px;height:32px; margin: 0; padding: 0; border: none; box-shadow: none;\" src=\"https:\/\/www.mvtpaix.org\/wordpress\/wp-content\/plugins\/social-media-feather\/synved-social\/image\/social\/regular\/64x64\/facebook.png\" \/><\/a><a class=\"synved-social-button synved-social-button-share synved-social-size-32 synved-social-resolution-single synved-social-provider-twitter nolightbox\" data-provider=\"twitter\" target=\"_blank\" rel=\"nofollow\" title=\"Partagez cette page sur Twitter\" href=\"https:\/\/twitter.com\/intent\/tweet?url=https%3A%2F%2Fwww.mvtpaix.org%2Fwordpress%2Fwp-json%2Fwp%2Fv2%2Fpages%2F857&#038;text=Suivez%20le%20Mouvement%20de%20la%20Paix%20\" style=\"font-size: 0px; width:32px;height:32px;margin:0;margin-bottom:5px;margin-right:5px;\"><img alt=\"twitter\" title=\"Partagez cette page sur Twitter\" class=\"synved-share-image synved-social-image synved-social-image-share\" width=\"32\" height=\"32\" style=\"display: inline; width:32px;height:32px; margin: 0; padding: 0; border: none; box-shadow: none;\" src=\"https:\/\/www.mvtpaix.org\/wordpress\/wp-content\/plugins\/social-media-feather\/synved-social\/image\/social\/regular\/64x64\/twitter.png\" \/><\/a><a class=\"synved-social-button synved-social-button-share synved-social-size-32 synved-social-resolution-single synved-social-provider-mail nolightbox\" data-provider=\"mail\" rel=\"nofollow\" title=\"Partagez-nous par email\" href=\"mailto:?subject=Gen%C3%A8ve%202%20%3A%20la%20conf%C3%A9rence%20indispensable&#038;body=Suivez%20le%20Mouvement%20de%20la%20Paix%20:%20https%3A%2F%2Fwww.mvtpaix.org%2Fwordpress%2Fwp-json%2Fwp%2Fv2%2Fpages%2F857\" style=\"font-size: 0px; width:32px;height:32px;margin:0;margin-bottom:5px;\"><img alt=\"mail\" title=\"Partagez-nous par email\" class=\"synved-share-image synved-social-image synved-social-image-share\" width=\"32\" height=\"32\" style=\"display: inline; width:32px;height:32px; margin: 0; padding: 0; border: none; box-shadow: none;\" src=\"https:\/\/www.mvtpaix.org\/wordpress\/wp-content\/plugins\/social-media-feather\/synved-social\/image\/social\/regular\/64x64\/mail.png\" \/><\/a>","protected":false},"excerpt":{"rendered":"<p>&nbsp; La r\u00e9solution 2118 vot\u00e9e par l\u2019ONU \u00e0 l\u2019unanimit\u00e9 suscite beaucoup d\u2019espoir, pr\u00e9voyant une conf\u00e9rence destin\u00e9e \u00e0 mettre au point un processus politique de transition qui selon le Conseil de s\u00e9curit\u00e9 \u00ab doit \u00eatre men\u00e9 par les Syriens eux-m\u00eames\u2026 toutes les parties syriennes repr\u00e9sentatives du peuple syrien \u00e9tant invit\u00e9es \u00e0 y participer afin d\u2019instaurer la [&hellip;]<\/p>\n","protected":false},"author":1,"featured_media":89771,"parent":0,"menu_order":0,"comment_status":"open","ping_status":"closed","template":"","meta":[],"categories":[3],"tags":[],"_links":{"self":[{"href":"https:\/\/www.mvtpaix.org\/wordpress\/wp-json\/wp\/v2\/pages\/857"}],"collection":[{"href":"https:\/\/www.mvtpaix.org\/wordpress\/wp-json\/wp\/v2\/pages"}],"about":[{"href":"https:\/\/www.mvtpaix.org\/wordpress\/wp-json\/wp\/v2\/types\/page"}],"author":[{"embeddable":true,"href":"https:\/\/www.mvtpaix.org\/wordpress\/wp-json\/wp\/v2\/users\/1"}],"replies":[{"embeddable":true,"href":"https:\/\/www.mvtpaix.org\/wordpress\/wp-json\/wp\/v2\/comments?post=857"}],"version-history":[{"count":5,"href":"https:\/\/www.mvtpaix.org\/wordpress\/wp-json\/wp\/v2\/pages\/857\/revisions"}],"predecessor-version":[{"id":1138,"href":"https:\/\/www.mvtpaix.org\/wordpress\/wp-json\/wp\/v2\/pages\/857\/revisions\/1138"}],"wp:featuredmedia":[{"embeddable":true,"href":"https:\/\/www.mvtpaix.org\/wordpress\/wp-json\/wp\/v2\/media\/89771"}],"wp:attachment":[{"href":"https:\/\/www.mvtpaix.org\/wordpress\/wp-json\/wp\/v2\/media?parent=857"}],"wp:term":[{"taxonomy":"category","embeddable":true,"href":"https:\/\/www.mvtpaix.org\/wordpress\/wp-json\/wp\/v2\/categories?post=857"},{"taxonomy":"post_tag","embeddable":true,"href":"https:\/\/www.mvtpaix.org\/wordpress\/wp-json\/wp\/v2\/tags?post=857"}],"curies":[{"name":"wp","href":"https:\/\/api.w.org\/{rel}","templated":true}]}}