{"id":18343,"date":"2014-10-08T17:53:56","date_gmt":"2014-10-08T15:53:56","guid":{"rendered":"http:\/\/www.mvtpaix.org\/wordpress\/?page_id=18343"},"modified":"2023-01-25T17:33:14","modified_gmt":"2023-01-25T16:33:14","slug":"forums-sociaux","status":"publish","type":"page","link":"https:\/\/www.mvtpaix.org\/wordpress\/forums-sociaux\/","title":{"rendered":"Forums sociaux"},"content":{"rendered":"<p><div class=\"responsive-tabs\">\n<h4 class=\"tabtitle\">Forum Social Mondial<\/h4>\n<div class=\"tabcontent\">\n<\/p>\n<h1>Forum Social Mondial 2016 (Montr\u00e9al)<\/h1>\n<p><div id=\"attachment_89116\" style=\"width: 130px\" class=\"wp-caption alignleft\"><a href=\"https:\/\/www.mvtpaix.org\/wordpress\/wp-content\/uploads\/2016\/11\/Bilan-FSM-2016.pdf\"><img aria-describedby=\"caption-attachment-89116\" loading=\"lazy\" class=\"wp-image-89116 size-full\" src=\"https:\/\/www.mvtpaix.org\/wordpress\/wp-content\/uploads\/2016\/06\/PDF-e1469802202215.jpg\" alt=\"PDF\" width=\"120\" height=\"120\" \/><\/a><p id=\"caption-attachment-89116\" class=\"wp-caption-text\"><a href=\"https:\/\/www.mvtpaix.org\/wordpress\/wp-content\/uploads\/2016\/11\/Bilan-FSM-2016.pdf\" target=\"_blank\" rel=\"noopener\"><strong>Le Compte-rendu de la d\u00e9l\u00e9gation<\/strong><\/a><\/p><\/div><\/p>\n<p style=\"text-align: justify;\"><strong><span class=\"fbPhotoCaptionText\">Une d\u00e9l\u00e9gation du Mouvement de la Paix \u00e9tait pr\u00e9sente du 9 au 14 ao\u00fbt 2016 \u00e0 Montr\u00e9al<\/span> (Canada) pour le Forum Social Mondial.<\/strong><\/p>\n<p><strong>Plus d&#8217;infos <a href=\"https:\/\/www.facebook.com\/media\/set\/?set=a.1135132843190517.1073741851.570739472963193&amp;type=1&amp;l=b6c3912b11\" target=\"_blank\" rel=\"noopener\">sur notre page Facebook<\/a><\/strong><\/p>\n<p><strong><a href=\"https:\/\/fsm2016.org\/en\/groupes\/declaration-dans-lagora-mouvement-de-la-paix\/\" target=\"_blank\" rel=\"noopener\">D\u00e9claration du Mouvement de la Paix dans l&#8217;Agora<\/a><\/strong><\/p>\n<p>\r\n\t<div class=\"slideshow_container slideshow_container_style-light\" style=\"height: 350px; \" data-slideshow-id=\"93017\" data-style-name=\"style-light\" data-style-version=\"2.3.1\" >\r\n\r\n\t\t\t\t\t<div class=\"slideshow_loading_icon\"><\/div>\r\n\t\t\r\n\t\t<div class=\"slideshow_content\" style=\"display: none;\">\r\n\r\n\t\t\t<div class=\"slideshow_view\">\r\n\t<div class=\"slideshow_slide slideshow_slide_video\">\r\n\t\t<div class=\"slideshow_slide_video_id\" style=\"display: none;\" data-show-related-videos=\"1\">JyNe5un9Wi8<\/div>\r\n\t<\/div>\r\n<div style=\"clear: both;\"><\/div><\/div><div class=\"slideshow_view\">\r\n\t\t\t\t<div class=\"slideshow_slide slideshow_slide_image\">\r\n\t\t\t\t\t\t\t\t\t\t\t<img src=\"https:\/\/www.mvtpaix.org\/wordpress\/wp-content\/uploads\/2016\/08\/P1030410.jpg\" alt=\"P1030410\" width=\"667\" height=\"500\" \/>\r\n\t\t\t\t\t\t\t\t\t\t<div class=\"slideshow_description_box slideshow_transparent\">\r\n\t\t\t\t\t\t<div class=\"slideshow_title\">P1030410<\/div>\t\t\t\t\t\t\t\t\t\t\t<\/div>\r\n\t\t\t\t<\/div>\r\n\r\n\t\t\t\t\t\t<div style=\"clear: both;\"><\/div><\/div><div class=\"slideshow_view\">\r\n\t\t\t\t<div class=\"slideshow_slide slideshow_slide_image\">\r\n\t\t\t\t\t\t\t\t\t\t\t<img src=\"https:\/\/www.mvtpaix.org\/wordpress\/wp-content\/uploads\/2016\/08\/P1030409.jpg\" alt=\"P1030409\" width=\"667\" height=\"500\" \/>\r\n\t\t\t\t\t\t\t\t\t\t<div class=\"slideshow_description_box slideshow_transparent\">\r\n\t\t\t\t\t\t<div class=\"slideshow_title\">P1030409<\/div>\t\t\t\t\t\t\t\t\t\t\t<\/div>\r\n\t\t\t\t<\/div>\r\n\r\n\t\t\t\t\t\t<div style=\"clear: both;\"><\/div><\/div><div class=\"slideshow_view\">\r\n\t\t\t\t<div class=\"slideshow_slide slideshow_slide_image\">\r\n\t\t\t\t\t\t\t\t\t\t\t<img src=\"https:\/\/www.mvtpaix.org\/wordpress\/wp-content\/uploads\/2016\/08\/IMG_9444.jpg\" alt=\"IMG_9444\" width=\"667\" height=\"500\" \/>\r\n\t\t\t\t\t\t\t\t\t\t<div class=\"slideshow_description_box slideshow_transparent\">\r\n\t\t\t\t\t\t<div class=\"slideshow_title\">IMG_9444<\/div>\t\t\t\t\t\t\t\t\t\t\t<\/div>\r\n\t\t\t\t<\/div>\r\n\r\n\t\t\t\t\t\t<div style=\"clear: both;\"><\/div><\/div><div class=\"slideshow_view\">\r\n\t\t\t\t<div class=\"slideshow_slide slideshow_slide_image\">\r\n\t\t\t\t\t\t\t\t\t\t\t<img src=\"https:\/\/www.mvtpaix.org\/wordpress\/wp-content\/uploads\/2016\/08\/IMG_9443.jpg\" alt=\"IMG_9443\" width=\"667\" height=\"500\" \/>\r\n\t\t\t\t\t\t\t\t\t\t<div class=\"slideshow_description_box slideshow_transparent\">\r\n\t\t\t\t\t\t<div class=\"slideshow_title\">IMG_9443<\/div>\t\t\t\t\t\t\t\t\t\t\t<\/div>\r\n\t\t\t\t<\/div>\r\n\r\n\t\t\t\t\t\t<div style=\"clear: both;\"><\/div><\/div><div class=\"slideshow_view\">\r\n\t\t\t\t<div class=\"slideshow_slide slideshow_slide_image\">\r\n\t\t\t\t\t\t\t\t\t\t\t<img src=\"https:\/\/www.mvtpaix.org\/wordpress\/wp-content\/uploads\/2016\/08\/IMG_9429.jpg\" alt=\"IMG_9429\" width=\"667\" height=\"500\" \/>\r\n\t\t\t\t\t\t\t\t\t\t<div class=\"slideshow_description_box slideshow_transparent\">\r\n\t\t\t\t\t\t<div class=\"slideshow_title\">IMG_9429<\/div>\t\t\t\t\t\t\t\t\t\t\t<\/div>\r\n\t\t\t\t<\/div>\r\n\r\n\t\t\t\t\t\t<div style=\"clear: both;\"><\/div><\/div><div class=\"slideshow_view\">\r\n\t\t\t\t<div class=\"slideshow_slide slideshow_slide_image\">\r\n\t\t\t\t\t\t\t\t\t\t\t<img src=\"https:\/\/www.mvtpaix.org\/wordpress\/wp-content\/uploads\/2016\/08\/IMG_9428.jpg\" alt=\"IMG_9428\" width=\"667\" height=\"500\" \/>\r\n\t\t\t\t\t\t\t\t\t\t<div class=\"slideshow_description_box slideshow_transparent\">\r\n\t\t\t\t\t\t<div class=\"slideshow_title\">IMG_9428<\/div>\t\t\t\t\t\t\t\t\t\t\t<\/div>\r\n\t\t\t\t<\/div>\r\n\r\n\t\t\t\t\t\t<div style=\"clear: both;\"><\/div><\/div><div class=\"slideshow_view\">\r\n\t\t\t\t<div class=\"slideshow_slide slideshow_slide_image\">\r\n\t\t\t\t\t\t\t\t\t\t\t<img src=\"https:\/\/www.mvtpaix.org\/wordpress\/wp-content\/uploads\/2016\/08\/IMG_9427.jpg\" alt=\"IMG_9427\" width=\"747\" height=\"500\" \/>\r\n\t\t\t\t\t\t\t\t\t\t<div class=\"slideshow_description_box slideshow_transparent\">\r\n\t\t\t\t\t\t<div class=\"slideshow_title\">IMG_9427<\/div>\t\t\t\t\t\t\t\t\t\t\t<\/div>\r\n\t\t\t\t<\/div>\r\n\r\n\t\t\t\t\t\t<div style=\"clear: both;\"><\/div><\/div><div class=\"slideshow_view\">\r\n\t\t\t\t<div class=\"slideshow_slide slideshow_slide_image\">\r\n\t\t\t\t\t\t\t\t\t\t\t<img src=\"https:\/\/www.mvtpaix.org\/wordpress\/wp-content\/uploads\/2016\/08\/IMG_9426.jpg\" alt=\"IMG_9426\" width=\"747\" height=\"500\" \/>\r\n\t\t\t\t\t\t\t\t\t\t<div class=\"slideshow_description_box slideshow_transparent\">\r\n\t\t\t\t\t\t<div class=\"slideshow_title\">IMG_9426<\/div>\t\t\t\t\t\t\t\t\t\t\t<\/div>\r\n\t\t\t\t<\/div>\r\n\r\n\t\t\t\t\t\t<div style=\"clear: both;\"><\/div><\/div><div class=\"slideshow_view\">\r\n\t\t\t\t<div class=\"slideshow_slide slideshow_slide_image\">\r\n\t\t\t\t\t\t\t\t\t\t\t<img src=\"https:\/\/www.mvtpaix.org\/wordpress\/wp-content\/uploads\/2016\/08\/IMG_9338.jpg\" alt=\"IMG_9338\" width=\"669\" height=\"500\" \/>\r\n\t\t\t\t\t\t\t\t\t\t<div class=\"slideshow_description_box slideshow_transparent\">\r\n\t\t\t\t\t\t<div class=\"slideshow_title\">IMG_9338<\/div>\t\t\t\t\t\t\t\t\t\t\t<\/div>\r\n\t\t\t\t<\/div>\r\n\r\n\t\t\t\t\t\t<div style=\"clear: both;\"><\/div><\/div><div class=\"slideshow_view\">\r\n\t\t\t\t<div class=\"slideshow_slide slideshow_slide_image\">\r\n\t\t\t\t\t\t\t\t\t\t\t<img src=\"https:\/\/www.mvtpaix.org\/wordpress\/wp-content\/uploads\/2016\/08\/IMG_9333.jpg\" alt=\"IMG_9333\" width=\"359\" height=\"500\" \/>\r\n\t\t\t\t\t\t\t\t\t\t<div class=\"slideshow_description_box slideshow_transparent\">\r\n\t\t\t\t\t\t<div class=\"slideshow_title\">IMG_9333<\/div>\t\t\t\t\t\t\t\t\t\t\t<\/div>\r\n\t\t\t\t<\/div>\r\n\r\n\t\t\t\t\t\t<div style=\"clear: both;\"><\/div><\/div><div class=\"slideshow_view\">\r\n\t\t\t\t<div class=\"slideshow_slide slideshow_slide_image\">\r\n\t\t\t\t\t\t\t\t\t\t\t<img src=\"https:\/\/www.mvtpaix.org\/wordpress\/wp-content\/uploads\/2016\/08\/IMG_9328.jpg\" alt=\"IMG_9328\" width=\"1000\" height=\"443\" \/>\r\n\t\t\t\t\t\t\t\t\t\t<div class=\"slideshow_description_box slideshow_transparent\">\r\n\t\t\t\t\t\t<div class=\"slideshow_title\">IMG_9328<\/div>\t\t\t\t\t\t\t\t\t\t\t<\/div>\r\n\t\t\t\t<\/div>\r\n\r\n\t\t\t\t\t\t<div style=\"clear: both;\"><\/div><\/div><div class=\"slideshow_view\">\r\n\t\t\t\t<div class=\"slideshow_slide slideshow_slide_image\">\r\n\t\t\t\t\t\t\t\t\t\t\t<img src=\"https:\/\/www.mvtpaix.org\/wordpress\/wp-content\/uploads\/2016\/08\/IMG_9316.jpg\" alt=\"IMG_9316\" width=\"667\" height=\"500\" \/>\r\n\t\t\t\t\t\t\t\t\t\t<div class=\"slideshow_description_box slideshow_transparent\">\r\n\t\t\t\t\t\t<div class=\"slideshow_title\">IMG_9316<\/div>\t\t\t\t\t\t\t\t\t\t\t<\/div>\r\n\t\t\t\t<\/div>\r\n\r\n\t\t\t\t\t\t<div style=\"clear: both;\"><\/div><\/div><div class=\"slideshow_view\">\r\n\t\t\t\t<div class=\"slideshow_slide slideshow_slide_image\">\r\n\t\t\t\t\t\t\t\t\t\t\t<img src=\"https:\/\/www.mvtpaix.org\/wordpress\/wp-content\/uploads\/2016\/08\/IMG_9254.jpg\" alt=\"IMG_9254\" width=\"375\" height=\"500\" \/>\r\n\t\t\t\t\t\t\t\t\t\t<div class=\"slideshow_description_box slideshow_transparent\">\r\n\t\t\t\t\t\t<div class=\"slideshow_title\">IMG_9254<\/div>\t\t\t\t\t\t\t\t\t\t\t<\/div>\r\n\t\t\t\t<\/div>\r\n\r\n\t\t\t\t\t\t<div style=\"clear: both;\"><\/div><\/div><div class=\"slideshow_view\">\r\n\t\t\t\t<div class=\"slideshow_slide slideshow_slide_image\">\r\n\t\t\t\t\t\t\t\t\t\t\t<img src=\"https:\/\/www.mvtpaix.org\/wordpress\/wp-content\/uploads\/2016\/08\/IMG_9250.jpg\" alt=\"IMG_9250\" width=\"375\" height=\"500\" \/>\r\n\t\t\t\t\t\t\t\t\t\t<div class=\"slideshow_description_box slideshow_transparent\">\r\n\t\t\t\t\t\t<div class=\"slideshow_title\">IMG_9250<\/div>\t\t\t\t\t\t\t\t\t\t\t<\/div>\r\n\t\t\t\t<\/div>\r\n\r\n\t\t\t\t\t\t<div style=\"clear: both;\"><\/div><\/div><div class=\"slideshow_view\">\r\n\t\t\t\t<div class=\"slideshow_slide slideshow_slide_image\">\r\n\t\t\t\t\t\t\t\t\t\t\t<img src=\"https:\/\/www.mvtpaix.org\/wordpress\/wp-content\/uploads\/2016\/08\/IMG_9248.jpg\" alt=\"IMG_9248\" width=\"667\" height=\"500\" \/>\r\n\t\t\t\t\t\t\t\t\t\t<div class=\"slideshow_description_box slideshow_transparent\">\r\n\t\t\t\t\t\t<div class=\"slideshow_title\">IMG_9248<\/div>\t\t\t\t\t\t\t\t\t\t\t<\/div>\r\n\t\t\t\t<\/div>\r\n\r\n\t\t\t\t\t\t<div style=\"clear: both;\"><\/div><\/div><div class=\"slideshow_view\">\r\n\t\t\t\t<div class=\"slideshow_slide slideshow_slide_image\">\r\n\t\t\t\t\t\t\t\t\t\t\t<img src=\"https:\/\/www.mvtpaix.org\/wordpress\/wp-content\/uploads\/2016\/08\/IMG_9247.jpg\" alt=\"IMG_9247\" width=\"500\" height=\"500\" \/>\r\n\t\t\t\t\t\t\t\t\t\t<div class=\"slideshow_description_box slideshow_transparent\">\r\n\t\t\t\t\t\t<div class=\"slideshow_title\">IMG_9247<\/div>\t\t\t\t\t\t\t\t\t\t\t<\/div>\r\n\t\t\t\t<\/div>\r\n\r\n\t\t\t\t\t\t<div style=\"clear: both;\"><\/div><\/div><div class=\"slideshow_view\">\r\n\t\t\t\t<div class=\"slideshow_slide slideshow_slide_image\">\r\n\t\t\t\t\t\t\t\t\t\t\t<img src=\"https:\/\/www.mvtpaix.org\/wordpress\/wp-content\/uploads\/2016\/08\/IMG_9244.jpg\" alt=\"IMG_9244\" width=\"375\" height=\"500\" \/>\r\n\t\t\t\t\t\t\t\t\t\t<div class=\"slideshow_description_box slideshow_transparent\">\r\n\t\t\t\t\t\t<div class=\"slideshow_title\">IMG_9244<\/div>\t\t\t\t\t\t\t\t\t\t\t<\/div>\r\n\t\t\t\t<\/div>\r\n\r\n\t\t\t\t\t\t<div style=\"clear: both;\"><\/div><\/div><div class=\"slideshow_view\">\r\n\t\t\t\t<div class=\"slideshow_slide slideshow_slide_image\">\r\n\t\t\t\t\t\t\t\t\t\t\t<img src=\"https:\/\/www.mvtpaix.org\/wordpress\/wp-content\/uploads\/2016\/08\/IMG_9242.jpg\" alt=\"IMG_9242\" width=\"667\" height=\"500\" \/>\r\n\t\t\t\t\t\t\t\t\t\t<div class=\"slideshow_description_box slideshow_transparent\">\r\n\t\t\t\t\t\t<div class=\"slideshow_title\">IMG_9242<\/div>\t\t\t\t\t\t\t\t\t\t\t<\/div>\r\n\t\t\t\t<\/div>\r\n\r\n\t\t\t\t\t\t<div style=\"clear: both;\"><\/div><\/div><div class=\"slideshow_view\">\r\n\t\t\t\t<div class=\"slideshow_slide slideshow_slide_image\">\r\n\t\t\t\t\t\t\t\t\t\t\t<img src=\"https:\/\/www.mvtpaix.org\/wordpress\/wp-content\/uploads\/2016\/08\/IMG_9238.jpg\" alt=\"IMG_9238\" width=\"667\" height=\"500\" \/>\r\n\t\t\t\t\t\t\t\t\t\t<div class=\"slideshow_description_box slideshow_transparent\">\r\n\t\t\t\t\t\t<div class=\"slideshow_title\">IMG_9238<\/div>\t\t\t\t\t\t\t\t\t\t\t<\/div>\r\n\t\t\t\t<\/div>\r\n\r\n\t\t\t\t\t\t<div style=\"clear: both;\"><\/div><\/div>\r\n\t\t<\/div>\r\n\r\n\t\t<div class=\"slideshow_controlPanel slideshow_transparent\" style=\"display: none;\"><ul><li class=\"slideshow_togglePlay\" data-play-text=\"Play\" data-pause-text=\"Pause\"><\/li><\/ul><\/div>\r\n\r\n\t\t<div class=\"slideshow_button slideshow_previous slideshow_transparent\" role=\"button\" data-previous-text=\"Pr\u00e9c\u00e9dent\" style=\"display: none;\"><\/div>\r\n\t\t<div class=\"slideshow_button slideshow_next slideshow_transparent\" role=\"button\" data-next-text=\"Suivant\" style=\"display: none;\"><\/div>\r\n\r\n\t\t<div class=\"slideshow_pagination\" style=\"display: none;\" data-go-to-text=\"Go to slide\"><div class=\"slideshow_pagination_center\"><\/div><\/div>\r\n\r\n\t\t<!-- WordPress Slideshow Version 2.3.1 -->\r\n\r\n\t\t\t<\/div>\r\n\r\n<\/p>\n<p>&nbsp;<\/p>\n<p>&nbsp;<\/p>\n<p>&nbsp;<\/p>\n<p>&nbsp;<\/p>\n<p><div id=\"attachment_95794\" style=\"width: 99px\" class=\"wp-caption aligncenter\"><a href=\"https:\/\/fsm2016.org\/\"><img aria-describedby=\"caption-attachment-95794\" loading=\"lazy\" class=\"wp-image-95794\" src=\"https:\/\/www.mvtpaix.org\/wordpress\/wp-content\/uploads\/2014\/10\/fsm_logo_fr-e1472465304236.png\" alt=\"fsm_logo_fr\" width=\"89\" height=\"150\" \/><\/a><p id=\"caption-attachment-95794\" class=\"wp-caption-text\"><strong>Le site officiel : <a href=\"https:\/\/fsm2016.org\/\">fsm2016.org<\/a><\/strong><\/p><\/div><\/p>\n<hr \/>\n<p><strong>\u00a0<\/strong><\/p>\n<h2>Forum Social Mondial 2013 (Tunis)<\/h2>\n<p class=\"Style391\" align=\"center\"><img loading=\"lazy\" class=\"alignleft\" src=\"https:\/\/www.mvtpaix.org\/wordpress\/wp-content\/uploads\/2014\/06\/FSM-Dakar2011-DSC12282.jpg\" alt=\"\" width=\"181\" height=\"120\" \/><\/p>\n<p style=\"text-align: justify;\">Mars 2013<\/p>\n<div align=\"justify\">\n<p class=\"style11\" style=\"text-align: justify;\"><strong>Retour sur l&#8217;\u00e9v\u00e9nement :<\/strong><\/p>\n<p class=\"style11\" style=\"text-align: justify;\">L&#8217;app\u00e9tit des jeunes, de tous les tunisiens pour les tracts, les informations qu&#8217;elles soient en fran\u00e7ais ou en anglais sur le bord de la manifestation. Un tunisien dit : on prend tout, nous on veut tout conna\u00eetre pour prendre nos d\u00e9cisions, on veut tout savoir.<\/p>\n<p class=\"style11\" style=\"text-align: justify;\">La conf\u00e9rence des femmes : la salle \u00e9tait archicomble, dynamique extraordinaire, \u00e7a continuait hors de la salle \u00e0 travers les rencontres entre les diff\u00e9rents d\u00e9l\u00e9gations.<\/p>\n<p class=\"style11\" style=\"text-align: justify;\">A l&#8217;assembl\u00e9e des femmes tous les probl\u00e8mes \u00e9taient sur la table : le probl\u00e8me de la possession de la terre, de l&#8217;accaparement de la terre, de la violence faites aux femmes dans le monde entier, en gros on peut dire de toutes les violences faites aux femmes et de toutes natures et l&#8217;autre th\u00e8me de ce rassemblement des femmes \u00e9tait la solidarit\u00e9 pour l&#8217;\u00e9galit\u00e9 des droits.<\/p>\n<p class=\"style11\" style=\"text-align: justify;\">Sur la manif beaucoup de tunisiens pr\u00e9sents tout au long de la marche, la population n&#8217;\u00e9tait pas en dehors mais avec nous.<\/p>\n<p><div style=\"width: 186px\" class=\"wp-caption aligncenter\"><img loading=\"lazy\" src=\"https:\/\/www.mvtpaix.org\/wordpress\/wp-content\/uploads\/2014\/06\/fsm_logo1.jpeg\" alt=\"\" width=\"176\" height=\"176\" align=\"right\" border=\"0\" hspace=\"18\" \/><p class=\"wp-caption-text\"><strong>Le site officiel : www.fsm2013.org<\/strong><\/p><\/div><\/p>\n<p class=\"style11\" style=\"text-align: justify;\">Notre banderole attirait une grande diversit\u00e9 de personnes depuis une religieuse coopte \u00e9gyptienne jusqu&#8217;aux militants de El Massar, de l\u2019UGTT, des jeunes;<\/p>\n<p class=\"style11\" style=\"text-align: justify;\">Les slogans ont \u00e9t\u00e9 cri\u00e9s : stop la guerre vive la paix vive la libert\u00e9 mais aussi so-so- solidarit\u00e9 avec les femmes du monde entier, solidarit\u00e9 avec les peuples du monde entier.<\/p>\n<p class=\"style11\" style=\"text-align: justify;\">Le plus marquant c&#8217;est peut-\u00eatre pour certains la pr\u00e9sence massive des jeunes dans la manif \u00e0 tel point qu&#8217;une femme tunisienne a dit \u00e0 une des participantes fran\u00e7aises \u00ab enfin quelqu&#8217;un avec les cheveux grisonnants je pensais qu&#8217;il n&#8217;y avait que des jeunes \u00bb.<\/p>\n<p class=\"style11\" style=\"text-align: justify;\">Ce qui est marquant si c\u2019est le bienvenue en Tunisie des tunisiens.<\/p>\n<p class=\"style11\" style=\"text-align: justify;\">On a remarqu\u00e9 beaucoup de banderoles o\u00f9 le mot paix \u00e9tait inscrit \u00e0 c\u00f4t\u00e9 des mots dignit\u00e9 et solidarit\u00e9.<\/p>\n<p class=\"style11\" style=\"text-align: justify;\">Le gouvernement alg\u00e9rien a fait le maximum pour emp\u00eacher les militants-es alg\u00e9riens de venir en les bloquant la fronti\u00e8re algero-tunisienne, ceci dit nos amis de l&#8217;association Tharwa fatma Soumeur ont pass\u00e9 la fronti\u00e8re \u00e0 pieds, ensuite ont fait du stop puis car, et apr\u00e8s 24 heures de transport sont arriv\u00e9-es \u00e0 l&#8217;assembl\u00e9e des femmes &#8211; Bravo .<\/p>\n<p class=\"moyen\" style=\"text-align: justify;\"><strong>Pour la paix et la justice, la solidarit\u00e9, la dignit\u00e9, &#8220;Solidarit\u00e9 avec les peuples du monde entier&#8221; !<\/strong><\/p>\n<hr \/>\n<\/div>\n<p class=\"Style419 style26 style81 Style426 Style410\"><strong>ARCHIVES :<\/strong><\/p>\n<p class=\"Style282 Style419\">&#8211; <a class=\"Style417 Style282\" href=\"https:\/\/www.mvtpaix.org\/wordpress\/index.php\/fse\/fsm-dakar\/\"><strong><span style=\"color: #1c4f4f;\">Le Forum Social Mondial de Dakar 2011<\/span><\/strong><\/a><\/p>\n<p>&nbsp;<\/p>\n<p>\n<\/div><h4 class=\"tabtitle\">Forum Social Europ\u00e9en<\/h4>\n<div class=\"tabcontent\">\n<\/p>\n<h2 style=\"text-align: center;\">Sarajevo 2014<\/h2>\n<p style=\"text-align: justify;\">Cent ans apr\u00e8s l\u2019attentat de Sarajevo consid\u00e9r\u00e9 comme \u00e9l\u00e9ment d\u00e9clencheur de la 1\u00e8re Guerre mondiale en juin 1914, une rencontre internationale pour la paix s\u2019est tenue dans cette m\u00eame ville du 6 au 9 juin 2014. Une d\u00e9l\u00e9gation de pacifistes fran\u00e7ais y participait.<\/p>\n<p style=\"text-align: justify;\"><span style=\"text-decoration: underline;\"><a title=\"Retour de Sarajevo\" href=\"https:\/\/www.mvtpaix.org\/wordpress\/blog\/2014\/10\/22\/retour-de-sarajevo\/\">Lire l&#8217;article d&#8217;Alain Rouy paru dans Plan\u00e8te Paix de septembre 2014<\/a><\/span><\/p>\n<hr \/>\n<h2 style=\"text-align: center;\">Istanbul 2010<\/h2>\n<p><strong>PAIX AU KURDISTAN : Manifestation \u00e0 Istanbul <\/strong><strong>aux cris de &#8220;Paix&#8221; &#8220;Justice&#8221; &#8220;plus de sang&#8221; &#8220;solution n\u00e9goci\u00e9e&#8221;<\/strong><\/p>\n<p><img loading=\"lazy\" class=\"alignleft\" src=\"http:\/\/img.over-blog.com\/300x225\/2\/86\/10\/60\/Photo-manif-a-istanbul.jpg\" alt=\"\" width=\"231\" height=\"173\" \/><\/p>\n<p style=\"text-align: justify;\">Une manifestation en faveur de la Paix au Kurdistan s&#8217;est d\u00e9roul\u00e9e \u00e0 Istanbul, dimanche 4 juillet, aux cris de &#8220;Paix&#8221;, &#8220;Justice&#8221;, &#8220;plus de sang&#8221;, &#8220;solution n\u00e9goci\u00e9e&#8221; ; lanc\u00e9e par le rassemblement &#8220;Global Peace and Just\u0131ce Coal\u0131t\u0131on &#8221; elle a regroup\u00e9 des individus et des organisations diverses de tous horizons, Turcs et Kurdes ensemble notamment. Les femmes ont montr\u00e9 l&#8217;exemple.<\/p>\n<p style=\"text-align: justify;\">Cette manifestation s&#8217;est d\u00e9roul\u00e9e \u00e0 l&#8217;issue du 6e du Forum social europ\u00e9en, qui s&#8217;est tenu du 1 au 4 juillet au campus universitaire de Macka \u00e0 Istanbul et auquel participait une d\u00e9l\u00e9gation du Mouvement de la Paix (Roland Nivet, Arielle Denis et G\u00e9rard Halie).<\/p>\n<p style=\"text-align: justify;\">C&#8217;est \u00e0 Ahmet T\u00fcrk, ce d\u00e9put\u00e9 banni et priv\u00e9 de droits civiques depuis l\u2019interdiction en d\u00e9cembre 2009 du parti progressiste pro kurde, le Parti pour une soci\u00e9t\u00e9 d\u00e9mocratique (DTP), que les organisateurs du FSE avaient confi\u00e9 le soin d\u2019accueillir les participants.<\/p>\n<p style=\"text-align: justify;\">Ce geste, qu&#8217;il faut souligner, est hautement symbolique dans un contexte marqu\u00e9, en Turquie, par une tension extr\u00eame qui inqui\u00e8tent tous les militants pour les droits humains et un certain nombre d&#8217;hommes et de femmes politiques dont les co-pr\u00e9sidents du BDP (Parti pour la paix et de D\u00e9mocratie qui a succ\u00e9d\u00e9 au DTP), G\u00fcltan K\u0131\u015fanak et Selahattin Demirta\u015f.<\/p>\n<p><strong>K\u0131\u015fanak et Demirta\u015f : tout faire pour \u00e9viter la guerre civile entre Turcs et Kurdes<\/strong><\/p>\n<p style=\"text-align: justify;\">ils ont redit, l&#8217;une, le 5 Juillet, \u00e0 Roland Nivet, coordonnateur du Comit\u00e9 rennais du Mouvement de la Paix, lors d&#8217;un entretien \u00e0 Istanbul, l&#8217;autre, le 30 juin, \u00e0 Rennes, \u00e0 Jean Charles Daveau, Directeur de cabinet adjoint du Conseil g\u00e9n\u00e9ral d&#8217;Ille et Vilaine ; ils ont redit, l&#8217;une et l&#8217;autre, leurs pr\u00e9occupations devant la mont\u00e9e de la r\u00e9pression polici\u00e8re et militaire ; ils ont redit, l&#8217;une et l&#8217;autre, qu&#8217;ils ne m\u00e9nageaient pas leurs efforts pour \u00e9viter la guerre civile entre Turcs et Kurdes qu&#8217;ils redoutent.<\/p>\n<p style=\"text-align: justify;\">Cette manifestation, qui a r\u00e9uni 2000 personnes et qui est, malheureusement, pass\u00e9e sous silence, est significative d&#8217;une volont\u00e9 d&#8217;une partie de l&#8217;opinion publique d&#8217;arr\u00eater la guerre en Turquie et de n\u00e9gocier une paix juste pour tous : plus qu&#8217;un symbole les slogans \u00e9taient \u00e9crits dans les deux langues, turque et kurde, dans un pays o\u00f9 la libert\u00e9 linguistique est loin d&#8217;\u00eatre acquise.<\/p>\n<p style=\"text-align: right;\">Andr\u00e9 M\u00e9tayer<\/p>\n<p style=\"text-align: right;\">Le Mouvement de la Paix au\u00a0 F.S.E. d&#8217;Istanbul<\/p>\n<p style=\"text-align: center;\"><strong><span style=\"text-decoration: underline;\"><a href=\"http:\/\/pourunmondesansarmesnucleaires.over-blog.com\/categorie-11531500.html\" target=\"_blank\" rel=\"noopener\">Plus d&#8217;infos sur le FSE d&#8217;Istanbul<\/a><\/span><\/strong><\/p>\n<hr \/>\n<ul style=\"list-style-type: disc;\">\n<li><strong><a href=\"https:\/\/www.mvtpaix.org\/wordpress\/wp-content\/uploads\/2014\/06\/AppelMouvementssociaux_2009changereurope1.rtf\">2009 : Changer l\u2019Europe ! (Septembre 2008, fichier rtf 14 Ko)<\/a><\/strong><\/li>\n<li><a class=\"Style417 Style282\" href=\"https:\/\/www.mvtpaix.org\/wordpress\/fse\/fse\/\"><strong><span style=\"color: #1c4f4f;\">Le Forum Social Europ\u00e9en de Londres 2004<\/span><\/strong><\/a><\/li>\n<li><strong><span class=\"Style282\"> <a href=\"https:\/\/www.mvtpaix.org\/wordpress\/forums-sociaux-2\/appels-forums-sociaux\/appel-mouvements-sociaux-fse2003\/\" target=\"_blank\" rel=\"noopener\">Appel de l&#8217;Assembl\u00e9e des acteurs et mouvements sociaux du FSE 2003<\/a><\/span><\/strong><\/li>\n<\/ul>\n<p><\/div><\/div><\/p>\n<a class=\"synved-social-button synved-social-button-share synved-social-size-32 synved-social-resolution-single synved-social-provider-facebook nolightbox\" data-provider=\"facebook\" target=\"_blank\" rel=\"nofollow\" title=\"Partagez cette page sur Facebook\" href=\"https:\/\/www.facebook.com\/sharer.php?u=https%3A%2F%2Fwww.mvtpaix.org%2Fwordpress%2Fwp-json%2Fwp%2Fv2%2Fpages%2F18343&#038;t=Forums%20sociaux&#038;s=100&#038;p&#091;url&#093;=https%3A%2F%2Fwww.mvtpaix.org%2Fwordpress%2Fwp-json%2Fwp%2Fv2%2Fpages%2F18343&#038;p&#091;images&#093;&#091;0&#093;=https%3A%2F%2Fwww.mvtpaix.org%2Fwordpress%2Fwp-content%2Fuploads%2F2014%2F06%2Ffond-neutre.gif&#038;p&#091;title&#093;=Forums%20sociaux\" style=\"font-size: 0px; width:32px;height:32px;margin:0;margin-bottom:5px;margin-right:5px;\"><img alt=\"Facebook\" title=\"Partagez cette page sur Facebook\" class=\"synved-share-image synved-social-image synved-social-image-share\" width=\"32\" height=\"32\" style=\"display: inline; width:32px;height:32px; margin: 0; padding: 0; border: none; box-shadow: none;\" src=\"https:\/\/www.mvtpaix.org\/wordpress\/wp-content\/plugins\/social-media-feather\/synved-social\/image\/social\/regular\/64x64\/facebook.png\" \/><\/a><a class=\"synved-social-button synved-social-button-share synved-social-size-32 synved-social-resolution-single synved-social-provider-twitter nolightbox\" data-provider=\"twitter\" target=\"_blank\" rel=\"nofollow\" title=\"Partagez cette page sur Twitter\" href=\"https:\/\/twitter.com\/intent\/tweet?url=https%3A%2F%2Fwww.mvtpaix.org%2Fwordpress%2Fwp-json%2Fwp%2Fv2%2Fpages%2F18343&#038;text=Suivez%20le%20Mouvement%20de%20la%20Paix%20\" style=\"font-size: 0px; width:32px;height:32px;margin:0;margin-bottom:5px;margin-right:5px;\"><img alt=\"twitter\" title=\"Partagez cette page sur Twitter\" class=\"synved-share-image synved-social-image synved-social-image-share\" width=\"32\" height=\"32\" style=\"display: inline; width:32px;height:32px; margin: 0; padding: 0; border: none; box-shadow: none;\" src=\"https:\/\/www.mvtpaix.org\/wordpress\/wp-content\/plugins\/social-media-feather\/synved-social\/image\/social\/regular\/64x64\/twitter.png\" \/><\/a><a class=\"synved-social-button synved-social-button-share synved-social-size-32 synved-social-resolution-single synved-social-provider-mail nolightbox\" data-provider=\"mail\" rel=\"nofollow\" title=\"Partagez-nous par email\" href=\"mailto:?subject=Forums%20sociaux&#038;body=Suivez%20le%20Mouvement%20de%20la%20Paix%20:%20https%3A%2F%2Fwww.mvtpaix.org%2Fwordpress%2Fwp-json%2Fwp%2Fv2%2Fpages%2F18343\" style=\"font-size: 0px; width:32px;height:32px;margin:0;margin-bottom:5px;\"><img alt=\"mail\" title=\"Partagez-nous par email\" class=\"synved-share-image synved-social-image synved-social-image-share\" width=\"32\" height=\"32\" style=\"display: inline; width:32px;height:32px; margin: 0; padding: 0; border: none; box-shadow: none;\" src=\"https:\/\/www.mvtpaix.org\/wordpress\/wp-content\/plugins\/social-media-feather\/synved-social\/image\/social\/regular\/64x64\/mail.png\" \/><\/a>","protected":false},"excerpt":{"rendered":"<p>Forum Social Mondial 2016 (Montr\u00e9al) Une d\u00e9l\u00e9gation du Mouvement de la Paix \u00e9tait pr\u00e9sente du 9 au 14 ao\u00fbt 2016 \u00e0 Montr\u00e9al (Canada) pour le Forum Social Mondial. Plus d&#8217;infos sur notre page Facebook D\u00e9claration du Mouvement de la Paix dans l&#8217;Agora &nbsp; &nbsp; &nbsp; &nbsp; \u00a0 Forum Social Mondial 2013 (Tunis) Mars 2013 Retour [&hellip;]<\/p>\n","protected":false},"author":1,"featured_media":89771,"parent":0,"menu_order":0,"comment_status":"open","ping_status":"open","template":"","meta":[],"categories":[17],"tags":[],"_links":{"self":[{"href":"https:\/\/www.mvtpaix.org\/wordpress\/wp-json\/wp\/v2\/pages\/18343"}],"collection":[{"href":"https:\/\/www.mvtpaix.org\/wordpress\/wp-json\/wp\/v2\/pages"}],"about":[{"href":"https:\/\/www.mvtpaix.org\/wordpress\/wp-json\/wp\/v2\/types\/page"}],"author":[{"embeddable":true,"href":"https:\/\/www.mvtpaix.org\/wordpress\/wp-json\/wp\/v2\/users\/1"}],"replies":[{"embeddable":true,"href":"https:\/\/www.mvtpaix.org\/wordpress\/wp-json\/wp\/v2\/comments?post=18343"}],"version-history":[{"count":92,"href":"https:\/\/www.mvtpaix.org\/wordpress\/wp-json\/wp\/v2\/pages\/18343\/revisions"}],"predecessor-version":[{"id":118491,"href":"https:\/\/www.mvtpaix.org\/wordpress\/wp-json\/wp\/v2\/pages\/18343\/revisions\/118491"}],"wp:featuredmedia":[{"embeddable":true,"href":"https:\/\/www.mvtpaix.org\/wordpress\/wp-json\/wp\/v2\/media\/89771"}],"wp:attachment":[{"href":"https:\/\/www.mvtpaix.org\/wordpress\/wp-json\/wp\/v2\/media?parent=18343"}],"wp:term":[{"taxonomy":"category","embeddable":true,"href":"https:\/\/www.mvtpaix.org\/wordpress\/wp-json\/wp\/v2\/categories?post=18343"},{"taxonomy":"post_tag","embeddable":true,"href":"https:\/\/www.mvtpaix.org\/wordpress\/wp-json\/wp\/v2\/tags?post=18343"}],"curies":[{"name":"wp","href":"https:\/\/api.w.org\/{rel}","templated":true}]}}