{"id":115965,"date":"2021-12-14T14:08:17","date_gmt":"2021-12-14T13:08:17","guid":{"rendered":"http:\/\/www.mvtpaix.org\/wordpress\/?page_id=115965"},"modified":"2022-01-11T17:01:56","modified_gmt":"2022-01-11T16:01:56","slug":"pour-une-mobilisation-europeenne-les-8-et-9-janvier-2022","status":"publish","type":"page","link":"https:\/\/www.mvtpaix.org\/wordpress\/pour-une-mobilisation-europeenne-les-8-et-9-janvier-2022\/","title":{"rendered":"Pour une mobilisation europ\u00e9enne les 8 et 9 janvier 2022"},"content":{"rendered":"<div>\n<div>\n<div>\n<div>\n<h3 style=\"text-align: center;\"><strong>\u00ab Pour une Europe agissant vraiment pour la Paix, le climat, le d\u00e9sarmement nucl\u00e9aire, la justice sociale, les droits humains, et un accueil digne des migrants \u00bb<\/strong><\/h3>\n<div style=\"text-align: justify;\"><strong>Les 12, 13 et 14 janvier 2022 les 27 ministres de la d\u00e9fense et 27 ministres des affaires \u00e9trang\u00e8res de l\u2019Union europ\u00e9enne (UE)<\/strong> tiendront un sommet \u00e0 Brest (France) sur les questions de la d\u00e9fense et de la s\u00e9curit\u00e9. Ce sommet abordera aussi vraisemblablement les aspects militaires du sommet des oc\u00e9ans qui doit se tenir en f\u00e9vrier 2022 \u00e0 Brest.<\/div>\n<div style=\"text-align: justify;\"><strong>Cette r\u00e9union est donc d\u2019une importance cruciale en mati\u00e8re de d\u00e9finition des orientations strat\u00e9giques de l\u2019UE en ces domaines et donc pour la Paix.<\/strong><\/div>\n<div style=\"text-align: justify;\">\n<p>Durant ce sommet seront vraisemblablement abord\u00e9s, d\u2019apr\u00e8s les premi\u00e8res informations publiques, les dossiers suivants :<\/p>\n<\/div>\n<ul style=\"text-align: justify;\">\n<li>Le projet europ\u00e9en de \u00ab <strong>Boussole strat\u00e9gique<\/strong> \u00bb examin\u00e9 lors du dernier conseil des ministres de l\u2019union europ\u00e9enne<\/li>\n<li>La cr\u00e9ation d\u2019une force de r\u00e9action rapide\/force de projection ext\u00e9rieure de l\u2019UE<\/li>\n<li>L\u2019augmentation des budgets militaires nationaux comme le demande l\u2019OTAN<\/li>\n<li>L\u2019augmentation du Fonds Europ\u00e9en de D\u00e9fense<\/li>\n<li>La mise en place d\u2019une pr\u00e9sence militaire maritime dans la r\u00e9gion indopacifique<\/li>\n<li>La mise en \u0153uvre d\u2019un nouveau syst\u00e8me a\u00e9rien SCAF pour 80 milliards d\u2019euros au minimum.<\/li>\n<li>Le d\u00e9veloppement et le renforcement de Frontex<\/li>\n<\/ul>\n<div style=\"text-align: justify;\">Toutes ces orientations seront d\u00e9finies, dans le respect des trait\u00e9s europ\u00e9ens, et <strong>donc dans le respect des orientations strat\u00e9giques de l\u2019OTAN comme le pr\u00e9voit l\u2019article 42 du Trait\u00e9 de Lisbonne.<\/strong><\/div>\n<div style=\"text-align: justify;\"><strong>C\u2019est donc le moment d\u2019agir et d\u2019avancer des propositions pour la Paix<\/strong><\/div>\n<div style=\"text-align: justify;\">Contre les pr\u00e9paratifs de guerre qui seront sans nul doute \u00e0 l\u2019ordre du jour du sommet europ\u00e9en des 12, 13 et 14 janvier 2022 \u00e0 Brest, <strong>contribuons au succ\u00e8s de la manifestation du 9 janvier 2022 \u00e0 Brest en d\u00e9but apr\u00e8s-midi.<\/strong><\/div>\n<div style=\"text-align: justify;\">\n<p><strong>Pour faire face aux logiques de guerre et de militarisation exigeons :<\/strong><\/p>\n<\/div>\n<ul style=\"text-align: justify;\">\n<li>Une Europe de Paix et l\u2019arr\u00eat de la militarisation de l\u2019UE<\/li>\n<li>Des moyens afin de lutter contre le r\u00e9chauffement climatique et pour prot\u00e9ger la vie sur la plan\u00e8te.<\/li>\n<li>La diminution des d\u00e9penses militaires et la satisfaction des besoins sociaux (\u00e9ducation, h\u00f4pitaux, climat, transports publics, salaires, etc.<\/li>\n<li>L\u2019\u00e9limination des armes nucl\u00e9aires \u00e0 travers le respect de l\u2019article 6 du TNP et la mise en \u0153uvre du Trait\u00e9 sur l\u2019Interdiction des Armes Nucl\u00e9aires (TIAN) entr\u00e9 en vigueur le 22 janvier 2021.<\/li>\n<li>Le retrait des armes atomiques des \u00c9tats-Unis pr\u00e9sentes sur le sol europ\u00e9en (Allemagne, Italie, Belgique).<\/li>\n<li>La fin de la subordination de l\u2019UE \u00e0 l\u2019Otan (23 \u00c9tats de l\u2019UE sont membres de l\u2019Otan).<\/li>\n<\/ul>\n<div style=\"text-align: justify;\"><strong>Le conseil national du Mouvement de la Paix apporte son soutien<\/strong> \u00e0 toutes les initiatives d\u2019ores et d\u00e9j\u00e0 pr\u00e9vues par ses comit\u00e9s et les collectifs locaux en particulier dans l\u2019ouest de la France.<br \/>\n <strong>Il appelle tous ses comit\u00e9s<\/strong> \u00e0 faire le maximum pour participer \u00e0 la manifestation publique <strong>dans les rues de Brest le 9 janvier d\u00e9but d\u2019apr\u00e8s-midi<\/strong> ou \u00e0 organiser des actions dans leur commune pour les comit\u00e9s trop \u00e9loign\u00e9s.<br \/>\n Le conseil national du Mouvement de la Paix<strong> appelle les organisations et mouvements partenaires ou amis dans chaque pays de l\u2019Union europ\u00e9enne <\/strong>\u00e0 contribuer au succ\u00e8s des deux journ\u00e9es du 8 et 9 janvier 2022 en \u00e9tant pr\u00e9sents \u00e0 Brest les 8 et 9 janvier et\/ou en mettant en place des actions publiques pour donner une dimension europ\u00e9enne \u00e0 notre exigence commune d\u2019une <strong>\u00ab Europe agissant vraiment pour la Paix, le climat, le d\u00e9sarmement nucl\u00e9aire, la justice sociale, les droits humains, et un accueil digne des migrants \u00bb<\/strong>.<\/div>\n<div>\u00a0<\/div>\n<div style=\"text-align: right;\"><strong>Le Conseil National du Mouvement de la Paix<\/strong><br \/>\n Le 13 d\u00e9cembre 2021<\/div>\n<div><a href=\"https:\/\/www.mvtpaix.org\/wordpress\/nous-rejoindre\/\"><strong>Rejoindre le Mouvement de la paix<\/strong><\/a><\/div>\n<\/div>\n<\/div>\n<\/div>\n<\/div>\n<div>\u00a0<\/div>\n<div><a href=\"https:\/\/boutiquedelapaix.com\/dons\/40-don.html\" target=\"_blank\" rel=\"noopener\"><strong>Faire un don<\/strong><\/a><\/div>\n<div>\n<div>\n<div>\n<div>\u00a0<\/div>\n<div>\n<div><a href=\"https:\/\/www.mvtpaix.org\/wordpress\/petition-pour-un-traite-dinterdiction-des-armes- nucleaires\/\"><strong>Signer la p\u00e9tition pour un Trait\u00e9 d&#8217;Interdiction des Armes Nucl\u00e9aires<\/strong><\/a><\/div>\n<div>\u00a0<\/div>\n<div>Contacts : &#110;&#x61;&#116;&#x69;o&#x6e;a&#108;&#x40;&#109;&#x76;&#116;&#x70;a&#x69;x&#46;&#x6f;&#114;&#x67; &#8212; p&#97;&#105;&#x78;&#x2e;&#x62;re&#116;&#97;&#x67;&#x6e;&#x65;&#64;&#103;&#109;&#97;&#x69;&#x6c;&#x2e;c&#111;&#109;<\/div>\n<\/div>\n<\/div>\n<\/div>\n<\/div>\n<div>\u00a0<\/div>\n<div>\u00a0<\/div>\n<h3 style=\"text-align: center;\"><a href=\"https:\/\/www.mvtpaix.org\/wordpress\/wp-content\/uploads\/2021\/12\/Declaration-MVT-Paix-BREST-appel-europeen-13-decembre-EUROPE-DEF.pdf\" target=\"_blank\" rel=\"noopener\"><strong>Voir cette d\u00e9claration en PDF<\/strong><\/a><\/h3>\n<a class=\"synved-social-button synved-social-button-share synved-social-size-32 synved-social-resolution-single synved-social-provider-facebook nolightbox\" data-provider=\"facebook\" target=\"_blank\" rel=\"nofollow\" title=\"Partagez cette page sur Facebook\" href=\"https:\/\/www.facebook.com\/sharer.php?u=https%3A%2F%2Fwww.mvtpaix.org%2Fwordpress%2Fwp-json%2Fwp%2Fv2%2Fpages%2F115965&#038;t=Pour%20une%20mobilisation%20europ%C3%A9enne%20les%208%20et%209%20janvier%202022&#038;s=100&#038;p&#091;url&#093;=https%3A%2F%2Fwww.mvtpaix.org%2Fwordpress%2Fwp-json%2Fwp%2Fv2%2Fpages%2F115965&#038;p&#091;images&#093;&#091;0&#093;=&#038;p&#091;title&#093;=Pour%20une%20mobilisation%20europ%C3%A9enne%20les%208%20et%209%20janvier%202022\" style=\"font-size: 0px; width:32px;height:32px;margin:0;margin-bottom:5px;margin-right:5px;\"><img alt=\"Facebook\" title=\"Partagez cette page sur Facebook\" class=\"synved-share-image synved-social-image synved-social-image-share\" width=\"32\" height=\"32\" style=\"display: inline; width:32px;height:32px; margin: 0; padding: 0; border: none; box-shadow: none;\" src=\"https:\/\/www.mvtpaix.org\/wordpress\/wp-content\/plugins\/social-media-feather\/synved-social\/image\/social\/regular\/64x64\/facebook.png\" \/><\/a><a class=\"synved-social-button synved-social-button-share synved-social-size-32 synved-social-resolution-single synved-social-provider-twitter nolightbox\" data-provider=\"twitter\" target=\"_blank\" rel=\"nofollow\" title=\"Partagez cette page sur Twitter\" href=\"https:\/\/twitter.com\/intent\/tweet?url=https%3A%2F%2Fwww.mvtpaix.org%2Fwordpress%2Fwp-json%2Fwp%2Fv2%2Fpages%2F115965&#038;text=Suivez%20le%20Mouvement%20de%20la%20Paix%20\" style=\"font-size: 0px; width:32px;height:32px;margin:0;margin-bottom:5px;margin-right:5px;\"><img alt=\"twitter\" title=\"Partagez cette page sur Twitter\" class=\"synved-share-image synved-social-image synved-social-image-share\" width=\"32\" height=\"32\" style=\"display: inline; width:32px;height:32px; margin: 0; padding: 0; border: none; box-shadow: none;\" src=\"https:\/\/www.mvtpaix.org\/wordpress\/wp-content\/plugins\/social-media-feather\/synved-social\/image\/social\/regular\/64x64\/twitter.png\" \/><\/a><a class=\"synved-social-button synved-social-button-share synved-social-size-32 synved-social-resolution-single synved-social-provider-mail nolightbox\" data-provider=\"mail\" rel=\"nofollow\" title=\"Partagez-nous par email\" href=\"mailto:?subject=Pour%20une%20mobilisation%20europ%C3%A9enne%20les%208%20et%209%20janvier%202022&#038;body=Suivez%20le%20Mouvement%20de%20la%20Paix%20:%20https%3A%2F%2Fwww.mvtpaix.org%2Fwordpress%2Fwp-json%2Fwp%2Fv2%2Fpages%2F115965\" style=\"font-size: 0px; width:32px;height:32px;margin:0;margin-bottom:5px;\"><img alt=\"mail\" title=\"Partagez-nous par email\" class=\"synved-share-image synved-social-image synved-social-image-share\" width=\"32\" height=\"32\" style=\"display: inline; width:32px;height:32px; margin: 0; padding: 0; border: none; box-shadow: none;\" src=\"https:\/\/www.mvtpaix.org\/wordpress\/wp-content\/plugins\/social-media-feather\/synved-social\/image\/social\/regular\/64x64\/mail.png\" \/><\/a>","protected":false},"excerpt":{"rendered":"<p>\u00ab Pour une Europe agissant vraiment pour la Paix, le climat, le d\u00e9sarmement nucl\u00e9aire, la justice sociale, les droits humains, et un accueil digne des migrants \u00bb Les 12, 13 et 14 janvier 2022 les 27 ministres de la d\u00e9fense et 27 ministres des affaires \u00e9trang\u00e8res de l\u2019Union europ\u00e9enne (UE) tiendront un sommet \u00e0 Brest [&hellip;]<\/p>\n","protected":false},"author":1,"featured_media":0,"parent":0,"menu_order":0,"comment_status":"open","ping_status":"open","template":"","meta":[],"categories":[3],"tags":[654,777,404,639,83,633],"_links":{"self":[{"href":"https:\/\/www.mvtpaix.org\/wordpress\/wp-json\/wp\/v2\/pages\/115965"}],"collection":[{"href":"https:\/\/www.mvtpaix.org\/wordpress\/wp-json\/wp\/v2\/pages"}],"about":[{"href":"https:\/\/www.mvtpaix.org\/wordpress\/wp-json\/wp\/v2\/types\/page"}],"author":[{"embeddable":true,"href":"https:\/\/www.mvtpaix.org\/wordpress\/wp-json\/wp\/v2\/users\/1"}],"replies":[{"embeddable":true,"href":"https:\/\/www.mvtpaix.org\/wordpress\/wp-json\/wp\/v2\/comments?post=115965"}],"version-history":[{"count":8,"href":"https:\/\/www.mvtpaix.org\/wordpress\/wp-json\/wp\/v2\/pages\/115965\/revisions"}],"predecessor-version":[{"id":116003,"href":"https:\/\/www.mvtpaix.org\/wordpress\/wp-json\/wp\/v2\/pages\/115965\/revisions\/116003"}],"wp:attachment":[{"href":"https:\/\/www.mvtpaix.org\/wordpress\/wp-json\/wp\/v2\/media?parent=115965"}],"wp:term":[{"taxonomy":"category","embeddable":true,"href":"https:\/\/www.mvtpaix.org\/wordpress\/wp-json\/wp\/v2\/categories?post=115965"},{"taxonomy":"post_tag","embeddable":true,"href":"https:\/\/www.mvtpaix.org\/wordpress\/wp-json\/wp\/v2\/tags?post=115965"}],"curies":[{"name":"wp","href":"https:\/\/api.w.org\/{rel}","templated":true}]}}