{"id":1150,"date":"2012-06-17T09:42:15","date_gmt":"2012-06-17T08:42:15","guid":{"rendered":"http:\/\/www.mvtpaix.org\/wordpress\/index.php\/dissuasion-2012\/"},"modified":"2016-08-23T10:39:32","modified_gmt":"2016-08-23T08:39:32","slug":"dissuasion-2012","status":"publish","type":"page","link":"https:\/\/www.mvtpaix.org\/wordpress\/dissuasion-2012\/","title":{"rendered":"Dissuasion nucl\u00e9aire"},"content":{"rendered":"<div align=\"left\">\n<div align=\"justify\">\n<h3 class=\"Style391\">\n<strong><span class=\"Style506\"> Non Monsieur le Pr\u00e9sident, la \u00ab dissuasion \u00bb nucl\u00e9aire ne contribue pas \u00e0 la Paix,\nni \u00e0 la s\u00e9curit\u00e9 de la France, ni \u00e0 celle de la Plan\u00e8te<\/span><span class=\"Style392\">\n<\/span><\/strong><\/h3>\n<table border=\"0\" width=\"250\" cellspacing=\"0\" cellpadding=\"10\" align=\"right\">\n<tbody>\n<tr>\n<td>\n<div align=\"center\"><\/div>\n<p><span class=\"Style391\"><img loading=\"lazy\" src=\"https:\/\/www.mvtpaix.org\/wordpress\/wp-content\/uploads\/2014\/06\/Hollande-Bombeducrane150.gif\" alt=\"Hollande\" width=\"150\" height=\"212\" border=\"0\" hspace=\"18\" vspace=\"6\" \/><\/span><\/td>\n<\/tr>\n<\/tbody>\n<\/table>\n<p class=\"moyen\"><span class=\"Style392\"><\/p>\n<p>&#8220;Je me suis engag\u00e9 devant les Fran\u00e7ais pour pr\u00e9server la dissuasion nucl\u00e9aire parce que c&#8217;est un \u00e9l\u00e9ment qui contribue \u00e0 la paix&#8221;<\/span> affirme Fran\u00e7ois Hollande lors d&#8217;une conf\u00e9rence de Presse en marge du sommet de Rio, en r\u00e9ponse \u00e0 la proposition de l&#8217;ancien Premier Ministre Michel Rocard sur BFM TV de supprimer l&#8217;inutile budget de la dissuasion fran\u00e7aise.<\/p>\n<p>&nbsp;<\/p>\n<p class=\"Style391\">C\u2019est pourtant la th\u00e9orie erron\u00e9e de la dissuasion qui demeure le principal argument de la prolif\u00e9ration nucl\u00e9aire. Car si les armes atomiques sont si b\u00e9n\u00e9fiques que cela, pourquoi d\u00e8s lors ne pas permettre leur acquisition par tous ?<\/p>\n<p>&nbsp;<\/p>\n<p class=\"Style391\">A contrario, dans le cadre du sommet de l&#8217;ONU sur la Terre, le pr\u00e9sident de la R\u00e9publique aurait pu \u00e9largir le propos en invitant les puissances nucl\u00e9aires \u00e0 s\u2019engager dans un processus d&#8217;\u00e9limination de l&#8217;arme nucl\u00e9aire pour consacrer les budgets ainsi d\u00e9gag\u00e9s aux financements des grands enjeux de la plan\u00e8te : environnement, climat, agriculture, \u00e9nergie, objectifs du mill\u00e9naire pour le d\u00e9veloppement&#8230;<\/p>\n<p>Il n\u2019est plus tol\u00e9rable de continuer, d&#8217;un c\u00f4t\u00e9, \u00e0 produire les outils de l&#8217;apocalypse, et de l&#8217;autre, de ne pas donner les moyens \u00e0 la sauvegarde de la Plan\u00e8te et \u00e0 la satisfaction des besoins humains \u00e9l\u00e9mentaires (faim, sant\u00e9, \u00e9ducation, habitat, culture). Pour le Mouvement de la Paix, la vraie dissuasion, c\u2019est la construction d\u2019un monde plus juste, plus solidaire, plus d\u00e9mocratique. C\u2019est le sens du programme \u00ab Culture de la Paix \u00bb de l\u2019ONU.<\/p>\n<p>&nbsp;<\/p>\n<p align=\"center\"><a class=\"Style488\" href=\"http:\/\/www.mvtpaix.org\/outils\/infos-paix\/2012\/cybermanifICAN230612.htm\">Signez la Cyber-Lettre adress\u00e9e \u00e0 l&#8217;Elys\u00e9e<\/a><\/p>\n<p>&nbsp;<\/p>\n<p class=\"Style391\">Certes, le pr\u00e9sident de la R\u00e9publique confirme que la France prendra toute sa place dans les n\u00e9gociations et discussions sur le d\u00e9sarmement nucl\u00e9aire. Le Mouvement de la Paix demande au pr\u00e9sident de la R\u00e9publique de ne pas en rester au verbe et d\u2019engager la France dans le soutien \u00e0 la Convention d\u2019\u00e9limination des armes nucl\u00e9aires, actuellement soutenue par 146 \u00c9tats.La France se grandirait de jouer un r\u00f4le moteur dans ce processus, en respectant les engagements du Trait\u00e9 de non-prolif\u00e9ration bafou\u00e9s depuis <a href=\"#1\">20 ans (1)<\/a> en gelant le programme de nouveaux missiles \u00e0 t\u00eate nucl\u00e9aire M51 et en s&#8217;opposant au projet de d\u00e9fense anti-missile des USA en Europe qui relance d\u00e9j\u00e0 la course aux armements nucl\u00e9aires.<\/p>\n<p>&nbsp;<\/p>\n<p class=\"Style391\">Selon le sondage IFOP\/Mouvement de la paix, publi\u00e9 en mars 2012 : &#8220;81% des fran\u00e7ais sont favorables \u00e0 l&#8217;engagement de la France dans un processus de Convention internationale d&#8217;\u00e9limination totale et contr\u00f4l\u00e9e des armes atomiques&#8221;.<\/p>\n<p>Au moment o\u00f9 on nous annonce qu\u2019il faut d\u2019urgence trouver 10 milliards pour le budget 2013, il y a l\u00e0 pr\u00e8s de 4 milliards disponibles en renon\u00e7ant \u00e0 la modernisation ill\u00e9gale des armes atomiques fran\u00e7aises.<\/p>\n<p>&nbsp;<\/p>\n<p class=\"Style391\">Le Mouvement de la Paix invite les citoyennes et citoyens \u00e0 amplifier leur engagement pour sauver la plan\u00e8te de la destruction atomique, et \u00e0 soutenir la Lettre-p\u00e9tition au pr\u00e9sident de la R\u00e9publique du Collectif fran\u00e7ais de la Campagne internationale pour abolir l\u2019arme nucl\u00e9aire (ICAN \u2013 France).<\/p>\n<p>&nbsp;<\/p>\n<p class=\"Style391\" align=\"center\"><a href=\"http:\/\/www.icanfrance.org\" target=\"_blank\">http:\/\/www.icanfrance.org<\/a> et <a href=\"http:\/\/www.mvtpaix.org\" target=\"_top\">http:\/\/www.mvtpaix.org<\/a><\/p>\n<p>&nbsp;<\/p>\n<p>&nbsp;<\/p>\n<p class=\"Style391\" align=\"right\">Le Mouvement de la Paix<\/p>\n<p>&nbsp;<\/p>\n<p class=\"Style391\" align=\"right\">Saint-Ouen, le 22 juin 2012<\/p>\n<p>&nbsp;<\/p>\n<p>&nbsp;<\/p>\n<p class=\"Style391\" align=\"right\">1<a name=\"1\"><\/a> : La France a rejoint le TNP en 1992. Le trait\u00e9 est entr\u00e9 en vigueur le 1er juillet 1970.<\/p>\n<p>&nbsp;<\/p>\n<p class=\"Style391\" align=\"right\">\n<p>&nbsp;<\/p>\n<p class=\"Style391\" align=\"right\"><span class=\"moyen\">Contacts :\n<\/span><span class=\"Style508\">Pierre Villard \u00a0:\n&#112;i&#x65;r&#x72;&#101;&#x2e;&#118;&#x69;&#108;l&#x61;r&#x64;&#64;&#x6d;&#118;&#x74;&#112;&#x61;&#105;x&#x2e;o&#x72;&#103;<\/span> &#8211; 06 82 92 29 46<\/p>\n<p>Presse : &#x63;&#97;&#116;&#x68;&#x65;&#114;&#105;&#x6e;&#x65;&#46;&#114;&#x69;&#x6f;&#64;&#109;&#x76;&#x74;&#112;&#97;&#x69;&#x78;&#46;&#111;&#x72;&#x67; &#8211;\n01 40 12 72 34<\/p>\n<p>&nbsp;<\/p>\n<p align=\"center\">\n<\/div>\n<p>&nbsp;<\/p>\n<p class=\"Style391\" align=\"right\">\n<p>LE MOUVEMENT DE LA PAIX<\/p>\n<p>MAISON DE LA PAIX, 9 rue Dulcie September \u2013 93400 Saint-Ouen<\/p>\n<p>Tel : 01 40 12 09 12 &#8211; Fax : 01 40 11 57 87<\/p>\n<p>Site web : <a href=\"http:\/\/www.mvtpaix.org\" target=\"_top\">www.mvtpaix.org<\/a> &#8211; mail : &#x6e;&#x61;&#116;io&#x6e;&#x61;&#108;&#64;m&#x76;&#x74;&#112;&#97;i&#x78;&#x2e;&#x6f;&#114;g<\/p>\n<p>Agr\u00e9\u00e9 Association Nationale de la Jeunesse et d\u2019Education Populaire<\/p>\n<\/div>\n<p>&nbsp;<\/p>\n<a class=\"synved-social-button synved-social-button-share synved-social-size-32 synved-social-resolution-single synved-social-provider-facebook nolightbox\" data-provider=\"facebook\" target=\"_blank\" rel=\"nofollow\" title=\"Partagez cette page sur Facebook\" href=\"https:\/\/www.facebook.com\/sharer.php?u=https%3A%2F%2Fwww.mvtpaix.org%2Fwordpress%2Fwp-json%2Fwp%2Fv2%2Fpages%2F1150&#038;t=Dissuasion%20nucl%C3%A9aire&#038;s=100&#038;p&#091;url&#093;=https%3A%2F%2Fwww.mvtpaix.org%2Fwordpress%2Fwp-json%2Fwp%2Fv2%2Fpages%2F1150&#038;p&#091;images&#093;&#091;0&#093;=https%3A%2F%2Fwww.mvtpaix.org%2Fwordpress%2Fwp-content%2Fuploads%2F2014%2F06%2Ffond-neutre.gif&#038;p&#091;title&#093;=Dissuasion%20nucl%C3%A9aire\" style=\"font-size: 0px; width:32px;height:32px;margin:0;margin-bottom:5px;margin-right:5px;\"><img alt=\"Facebook\" title=\"Partagez cette page sur Facebook\" class=\"synved-share-image synved-social-image synved-social-image-share\" width=\"32\" height=\"32\" style=\"display: inline; width:32px;height:32px; margin: 0; padding: 0; border: none; box-shadow: none;\" src=\"https:\/\/www.mvtpaix.org\/wordpress\/wp-content\/plugins\/social-media-feather\/synved-social\/image\/social\/regular\/64x64\/facebook.png\" \/><\/a><a class=\"synved-social-button synved-social-button-share synved-social-size-32 synved-social-resolution-single synved-social-provider-twitter nolightbox\" data-provider=\"twitter\" target=\"_blank\" rel=\"nofollow\" title=\"Partagez cette page sur Twitter\" href=\"https:\/\/twitter.com\/intent\/tweet?url=https%3A%2F%2Fwww.mvtpaix.org%2Fwordpress%2Fwp-json%2Fwp%2Fv2%2Fpages%2F1150&#038;text=Suivez%20le%20Mouvement%20de%20la%20Paix%20\" style=\"font-size: 0px; width:32px;height:32px;margin:0;margin-bottom:5px;margin-right:5px;\"><img alt=\"twitter\" title=\"Partagez cette page sur Twitter\" class=\"synved-share-image synved-social-image synved-social-image-share\" width=\"32\" height=\"32\" style=\"display: inline; width:32px;height:32px; margin: 0; padding: 0; border: none; box-shadow: none;\" src=\"https:\/\/www.mvtpaix.org\/wordpress\/wp-content\/plugins\/social-media-feather\/synved-social\/image\/social\/regular\/64x64\/twitter.png\" \/><\/a><a class=\"synved-social-button synved-social-button-share synved-social-size-32 synved-social-resolution-single synved-social-provider-mail nolightbox\" data-provider=\"mail\" rel=\"nofollow\" title=\"Partagez-nous par email\" href=\"mailto:?subject=Dissuasion%20nucl%C3%A9aire&#038;body=Suivez%20le%20Mouvement%20de%20la%20Paix%20:%20https%3A%2F%2Fwww.mvtpaix.org%2Fwordpress%2Fwp-json%2Fwp%2Fv2%2Fpages%2F1150\" style=\"font-size: 0px; width:32px;height:32px;margin:0;margin-bottom:5px;\"><img alt=\"mail\" title=\"Partagez-nous par email\" class=\"synved-share-image synved-social-image synved-social-image-share\" width=\"32\" height=\"32\" style=\"display: inline; width:32px;height:32px; margin: 0; padding: 0; border: none; box-shadow: none;\" src=\"https:\/\/www.mvtpaix.org\/wordpress\/wp-content\/plugins\/social-media-feather\/synved-social\/image\/social\/regular\/64x64\/mail.png\" \/><\/a>","protected":false},"excerpt":{"rendered":"<p>Non Monsieur le Pr\u00e9sident, la \u00ab dissuasion \u00bb nucl\u00e9aire ne contribue pas \u00e0 la Paix, ni \u00e0 la s\u00e9curit\u00e9 de la France, ni \u00e0 celle de la Plan\u00e8te &#8220;Je me suis engag\u00e9 devant les Fran\u00e7ais pour pr\u00e9server la dissuasion nucl\u00e9aire parce que c&#8217;est un \u00e9l\u00e9ment qui contribue \u00e0 la paix&#8221; affirme Fran\u00e7ois Hollande lors d&#8217;une [&hellip;]<\/p>\n","protected":false},"author":1,"featured_media":89771,"parent":0,"menu_order":0,"comment_status":"closed","ping_status":"closed","template":"","meta":[],"categories":[3],"tags":[],"_links":{"self":[{"href":"https:\/\/www.mvtpaix.org\/wordpress\/wp-json\/wp\/v2\/pages\/1150"}],"collection":[{"href":"https:\/\/www.mvtpaix.org\/wordpress\/wp-json\/wp\/v2\/pages"}],"about":[{"href":"https:\/\/www.mvtpaix.org\/wordpress\/wp-json\/wp\/v2\/types\/page"}],"author":[{"embeddable":true,"href":"https:\/\/www.mvtpaix.org\/wordpress\/wp-json\/wp\/v2\/users\/1"}],"replies":[{"embeddable":true,"href":"https:\/\/www.mvtpaix.org\/wordpress\/wp-json\/wp\/v2\/comments?post=1150"}],"version-history":[{"count":4,"href":"https:\/\/www.mvtpaix.org\/wordpress\/wp-json\/wp\/v2\/pages\/1150\/revisions"}],"predecessor-version":[{"id":93972,"href":"https:\/\/www.mvtpaix.org\/wordpress\/wp-json\/wp\/v2\/pages\/1150\/revisions\/93972"}],"wp:featuredmedia":[{"embeddable":true,"href":"https:\/\/www.mvtpaix.org\/wordpress\/wp-json\/wp\/v2\/media\/89771"}],"wp:attachment":[{"href":"https:\/\/www.mvtpaix.org\/wordpress\/wp-json\/wp\/v2\/media?parent=1150"}],"wp:term":[{"taxonomy":"category","embeddable":true,"href":"https:\/\/www.mvtpaix.org\/wordpress\/wp-json\/wp\/v2\/categories?post=1150"},{"taxonomy":"post_tag","embeddable":true,"href":"https:\/\/www.mvtpaix.org\/wordpress\/wp-json\/wp\/v2\/tags?post=1150"}],"curies":[{"name":"wp","href":"https:\/\/api.w.org\/{rel}","templated":true}]}}