{"id":113028,"date":"2019-11-25T13:05:31","date_gmt":"2019-11-25T12:05:31","guid":{"rendered":"http:\/\/www.mvtpaix.org\/wordpress\/?page_id=113028"},"modified":"2020-11-25T13:21:40","modified_gmt":"2020-11-25T12:21:40","slug":"la-declaration-du-pape-francois-aujourdhui-meme-a-hiroshima-constitue-une-nouvelle-etape-historique-dans-la-lutte-pour-lelimination-totale-des-armes-nucleaires","status":"publish","type":"page","link":"https:\/\/www.mvtpaix.org\/wordpress\/la-declaration-du-pape-francois-aujourdhui-meme-a-hiroshima-constitue-une-nouvelle-etape-historique-dans-la-lutte-pour-lelimination-totale-des-armes-nucleaires\/","title":{"rendered":"La d\u00e9claration du Pape Fran\u00e7ois aujourd\u2019hui m\u00eame \u00e0 Hiroshima constitue une nouvelle \u00e9tape historique dans la lutte pour l&#8217;\u00e9limination totale des armes nucl\u00e9aires"},"content":{"rendered":"<div><strong>d\u00e9clarent conjointement Roland Nivet et Edith Boulanger, co-porte-paroles nationaux du Mouvement de la Paix. <\/strong> \u00a0<\/div>\n<div>\u00a0<\/div>\n<div>La d\u00e9claration du Pape Fran\u00e7ois \u00e0 Hiroshima le 23 novembre 2019 dans laquelle il indique que <em>\u00abl&#8217;utilisation de l&#8217;\u00e9nergie atomique \u00e0 des fins militaires est un crime\u00bb<\/em> et qu\u2019 <em>\u00abun monde sans armes nucl\u00e9aires est possible et n\u00e9cessaire\u00bb<\/em> et enfin que <em>\u00able temps est venu de renoncer aux armes nucl\u00e9aires et de construire une paix collective et concert\u00e9e\u00bb<\/em> constitue une nouvelle \u00e9tape historique dans la lutte pour l&#8217;\u00e9limination totale des armes nucl\u00e9aires.<\/div>\n<div>\n<p>En son temps l&#8217;acad\u00e9micien Jean Rostand parlant de l&#8217;arme atomique disait <em>\u00abpr\u00e9parer un crime c&#8217;est d\u00e9j\u00e0 un crime\u00bb.<\/em><\/p>\n<p>A six mois du d\u00e9but des travaux de la conf\u00e9rence d&#8217;examen du Trait\u00e9 de Non-Prolif\u00e9ration Nucl\u00e9aire (TNP) \u00e0 l\u2019ONU en Mai 2020 qui va r\u00e9unir tous les Etats, nous ne pouvons que nous r\u00e9jouir du fait que le Pape appelle aussi <em>\u00ab\u00e0 soutenir tous les instruments internationaux du d\u00e9sarmement nucl\u00e9aire y compris le Trait\u00e9 de Non-Prolif\u00e9ration Nucl\u00e9aire (TNP) et le Trait\u00e9 d&#8217;Interdiction des Armes Nucl\u00e9aires\u00bb <\/em>(Tian) adopt\u00e9 aux Nations unies le 7 juillet 2017.<\/p>\n<p>La proposition du Pape Fran\u00e7ois pour que l&#8217;argent consacr\u00e9 \u00e0 ces \u0153uvres de mort soit consacr\u00e9 \u00e0 un d\u00e9veloppement humain et \u00e0 la lutte pour le climat rejoint le mot d\u2019ordre retenu par les quelques 160 organisations du Collectif <em>En marche pour la paix<\/em> qui appelaient le 21 septembre (Journ\u00e9e internationale de la paix) \u00e0 marcher <em>\u00abpour la paix, le climat, la justice sociale et le d\u00e9sarmement nucl\u00e9aire\u00bb.<\/em><\/p>\n<p>Tous les gens \u00e9pris de paix, quelles que soient par ailleurs leurs convictions ou appartenances id\u00e9ologiques, religieuses, syndicales ou politiques trouveront, pensons-nous, une raison suppl\u00e9mentaire d\u2019agir pour un monde sans armes nucl\u00e9aires.<\/p>\n<p>Il y a quelques jours nous avons adress\u00e9 un courrier \u00e0 tous les Parlementaires proposant l&#8217;adoption, dans le cadre de la pr\u00e9paration du Budget 2020 de la France, <strong>d&#8217;un amendement \u00e0 cette loi de Finances visant un gel des cr\u00e9dits pr\u00e9vus en 2020 pour la modernisation des armes nucl\u00e9aires.<\/strong><\/p>\n<p>Alors que la majorit\u00e9 gouvernementale a vot\u00e9 pour le doublement des cr\u00e9dits consacr\u00e9s \u00e0 l\u2019arme atomique nous esp\u00e9rons que la d\u00e9claration du Pape les fera peut-\u00eatre r\u00e9fl\u00e9chir et prendre en consid\u00e9ration notre proposition d\u2019amendement.<\/p>\n<p><strong>Roland NIVET<\/strong> co-porte-parole National du Mouvement de la Paix (et membre \u00e0 titre consultatif de la commission Ecosoc des Nations Unies)<\/p>\n<p><strong>Edith BOULANGER<\/strong> co-porte-parole Nationale du Mouvement de la Paix<\/p>\n<\/div>\n<div>\u00a0<\/div>\n<h3 style=\"text-align: center;\"><strong>P\u00e9titions en cours sur ce th\u00e8me :<\/strong><\/h3>\n<div style=\"text-align: center;\"><strong><a href=\"https:\/\/is.gd\/petitionfinances\">is.gd\/petitionfinances<\/a><br \/>\n <a href=\"https:\/\/is.gd\/petitionarmesnucleaires\">is.gd\/petitionarmesnucleaires<\/a><\/strong> \u00a0<\/div>\n<div style=\"text-align: right;\">\n<p><strong><br \/>\n Le Mouvement de la Paix<\/strong><\/p>\n<p><strong>Contact :<\/strong> Roland Nivet 06 85 02 87 14<\/p>\n<\/div>\n<h3>\u00a0<\/h3>\n<h3 style=\"text-align: center;\"><a href=\"https:\/\/www.mvtpaix.org\/wordpress\/wp-content\/uploads\/2019\/11\/Declaration-du-Pape-Francois-a-Hiroshima.pdf\" target=\"_blank\" rel=\"noopener\"><strong>Voir cette d\u00e9claration en PDF<\/strong><\/a><\/h3>\n<p>&nbsp;<\/p>\n<a class=\"synved-social-button synved-social-button-share synved-social-size-32 synved-social-resolution-single synved-social-provider-facebook nolightbox\" data-provider=\"facebook\" target=\"_blank\" rel=\"nofollow\" title=\"Partagez cette page sur Facebook\" href=\"https:\/\/www.facebook.com\/sharer.php?u=https%3A%2F%2Fwww.mvtpaix.org%2Fwordpress%2Fwp-json%2Fwp%2Fv2%2Fpages%2F113028&#038;t=La%20d%C3%A9claration%20du%20Pape%20Fran%C3%A7ois%20aujourd%E2%80%99hui%20m%C3%AAme%20%C3%A0%20Hiroshima%20constitue%20une%20nouvelle%20%C3%A9tape%20historique%20dans%20la%20lutte%20pour%20l%E2%80%99%C3%A9limination%20totale%20des%20armes%20nucl%C3%A9aires&#038;s=100&#038;p&#091;url&#093;=https%3A%2F%2Fwww.mvtpaix.org%2Fwordpress%2Fwp-json%2Fwp%2Fv2%2Fpages%2F113028&#038;p&#091;images&#093;&#091;0&#093;=&#038;p&#091;title&#093;=La%20d%C3%A9claration%20du%20Pape%20Fran%C3%A7ois%20aujourd%E2%80%99hui%20m%C3%AAme%20%C3%A0%20Hiroshima%20constitue%20une%20nouvelle%20%C3%A9tape%20historique%20dans%20la%20lutte%20pour%20l%E2%80%99%C3%A9limination%20totale%20des%20armes%20nucl%C3%A9aires\" style=\"font-size: 0px; width:32px;height:32px;margin:0;margin-bottom:5px;margin-right:5px;\"><img alt=\"Facebook\" title=\"Partagez cette page sur Facebook\" class=\"synved-share-image synved-social-image synved-social-image-share\" width=\"32\" height=\"32\" style=\"display: inline; width:32px;height:32px; margin: 0; padding: 0; border: none; box-shadow: none;\" src=\"https:\/\/www.mvtpaix.org\/wordpress\/wp-content\/plugins\/social-media-feather\/synved-social\/image\/social\/regular\/64x64\/facebook.png\" \/><\/a><a class=\"synved-social-button synved-social-button-share synved-social-size-32 synved-social-resolution-single synved-social-provider-twitter nolightbox\" data-provider=\"twitter\" target=\"_blank\" rel=\"nofollow\" title=\"Partagez cette page sur Twitter\" href=\"https:\/\/twitter.com\/intent\/tweet?url=https%3A%2F%2Fwww.mvtpaix.org%2Fwordpress%2Fwp-json%2Fwp%2Fv2%2Fpages%2F113028&#038;text=Suivez%20le%20Mouvement%20de%20la%20Paix%20\" style=\"font-size: 0px; width:32px;height:32px;margin:0;margin-bottom:5px;margin-right:5px;\"><img alt=\"twitter\" title=\"Partagez cette page sur Twitter\" class=\"synved-share-image synved-social-image synved-social-image-share\" width=\"32\" height=\"32\" style=\"display: inline; width:32px;height:32px; margin: 0; padding: 0; border: none; box-shadow: none;\" src=\"https:\/\/www.mvtpaix.org\/wordpress\/wp-content\/plugins\/social-media-feather\/synved-social\/image\/social\/regular\/64x64\/twitter.png\" \/><\/a><a class=\"synved-social-button synved-social-button-share synved-social-size-32 synved-social-resolution-single synved-social-provider-mail nolightbox\" data-provider=\"mail\" rel=\"nofollow\" title=\"Partagez-nous par email\" href=\"mailto:?subject=La%20d%C3%A9claration%20du%20Pape%20Fran%C3%A7ois%20aujourd%E2%80%99hui%20m%C3%AAme%20%C3%A0%20Hiroshima%20constitue%20une%20nouvelle%20%C3%A9tape%20historique%20dans%20la%20lutte%20pour%20l%E2%80%99%C3%A9limination%20totale%20des%20armes%20nucl%C3%A9aires&#038;body=Suivez%20le%20Mouvement%20de%20la%20Paix%20:%20https%3A%2F%2Fwww.mvtpaix.org%2Fwordpress%2Fwp-json%2Fwp%2Fv2%2Fpages%2F113028\" style=\"font-size: 0px; width:32px;height:32px;margin:0;margin-bottom:5px;\"><img alt=\"mail\" title=\"Partagez-nous par email\" class=\"synved-share-image synved-social-image synved-social-image-share\" width=\"32\" height=\"32\" style=\"display: inline; width:32px;height:32px; margin: 0; padding: 0; border: none; box-shadow: none;\" src=\"https:\/\/www.mvtpaix.org\/wordpress\/wp-content\/plugins\/social-media-feather\/synved-social\/image\/social\/regular\/64x64\/mail.png\" \/><\/a>","protected":false},"excerpt":{"rendered":"<p>d\u00e9clarent conjointement Roland Nivet et Edith Boulanger, co-porte-paroles nationaux du Mouvement de la Paix. \u00a0 \u00a0 La d\u00e9claration du Pape Fran\u00e7ois \u00e0 Hiroshima le 23 novembre 2019 dans laquelle il indique que \u00abl&#8217;utilisation de l&#8217;\u00e9nergie atomique \u00e0 des fins militaires est un crime\u00bb et qu\u2019 \u00abun monde sans armes nucl\u00e9aires est possible et n\u00e9cessaire\u00bb et [&hellip;]<\/p>\n","protected":false},"author":1,"featured_media":0,"parent":0,"menu_order":0,"comment_status":"open","ping_status":"open","template":"","meta":[],"categories":[3],"tags":[654,999,635,71,633,998],"_links":{"self":[{"href":"https:\/\/www.mvtpaix.org\/wordpress\/wp-json\/wp\/v2\/pages\/113028"}],"collection":[{"href":"https:\/\/www.mvtpaix.org\/wordpress\/wp-json\/wp\/v2\/pages"}],"about":[{"href":"https:\/\/www.mvtpaix.org\/wordpress\/wp-json\/wp\/v2\/types\/page"}],"author":[{"embeddable":true,"href":"https:\/\/www.mvtpaix.org\/wordpress\/wp-json\/wp\/v2\/users\/1"}],"replies":[{"embeddable":true,"href":"https:\/\/www.mvtpaix.org\/wordpress\/wp-json\/wp\/v2\/comments?post=113028"}],"version-history":[{"count":10,"href":"https:\/\/www.mvtpaix.org\/wordpress\/wp-json\/wp\/v2\/pages\/113028\/revisions"}],"predecessor-version":[{"id":113040,"href":"https:\/\/www.mvtpaix.org\/wordpress\/wp-json\/wp\/v2\/pages\/113028\/revisions\/113040"}],"wp:attachment":[{"href":"https:\/\/www.mvtpaix.org\/wordpress\/wp-json\/wp\/v2\/media?parent=113028"}],"wp:term":[{"taxonomy":"category","embeddable":true,"href":"https:\/\/www.mvtpaix.org\/wordpress\/wp-json\/wp\/v2\/categories?post=113028"},{"taxonomy":"post_tag","embeddable":true,"href":"https:\/\/www.mvtpaix.org\/wordpress\/wp-json\/wp\/v2\/tags?post=113028"}],"curies":[{"name":"wp","href":"https:\/\/api.w.org\/{rel}","templated":true}]}}