{"id":110697,"date":"2018-10-01T17:34:01","date_gmt":"2018-10-01T15:34:01","guid":{"rendered":"http:\/\/www.mvtpaix.org\/wordpress\/?page_id=110697"},"modified":"2018-10-02T17:01:42","modified_gmt":"2018-10-02T15:01:42","slug":"propositionprojet-de-voeu-dun-conseil-municipal","status":"publish","type":"page","link":"https:\/\/www.mvtpaix.org\/wordpress\/propositionprojet-de-voeu-dun-conseil-municipal\/","title":{"rendered":"Proposition\/projet de v\u0153u d&#8217;un conseil municipal"},"content":{"rendered":"<h4 style=\"text-align: center;\"><strong>Proposition du Mouvement de la Paix<\/strong><strong><br \/>\n visant \u00e0 ce qu\u2019\u00e0 l\u2019issue des Marches pour la Paix et des initiatives diverses conduites dans de nombreuses communes de France dans le cadre de la Journ\u00e9e internationale de la Paix 2018, la proposition de v\u0153u ci-apr\u00e8s soit d\u00e9pos\u00e9e dans le plus grand nombre de mairies, pour une adoption par les Conseils Municipaux, d\u2019une demande de ratification du Trait\u00e9 d\u2019Interdiction des Armes Nucl\u00e9aires par la France.<\/strong><\/h4>\n<p><strong><br \/>\n Proposition\/Projet de v\u0153u du Conseil municipal de XXXXX <\/strong><strong><br \/>\n pour demander au pr\u00e9sident de la R\u00e9publique et au Gouvernement d\u2019engager le processus de ratification du Trait\u00e9 d\u2019Interdiction des Armes Nucl\u00e9aires adopt\u00e9 \u00e0 l\u2019ONU le 7 juillet 2017.<\/strong><\/p>\n<p><strong>Vu la Charte des Nations Unies,<\/strong><\/p>\n<p><strong>Vu <\/strong><strong>l\u2019article\u00a055 de la constitution qui\u00a0<\/strong>dispose que\u00a0<em>\u201cles trait\u00e9s ou accords r\u00e9guli\u00e8rement ratifi\u00e9s ou approuv\u00e9s ont, d\u00e8s leur publication, une autorit\u00e9 sup\u00e9rieure \u00e0 celle des lois \u00bb.<\/p>\n<p> <\/em><strong>Vu l\u2019article 6 du Trait\u00e9 sur la Non- Prolif\u00e9ration nucl\u00e9aire (TNP)<\/strong> sign\u00e9 et ratifi\u00e9 par la totalit\u00e9 des Etats du monde dont la France sauf l&#8217;Inde, le Pakistan et Isra\u00ebl (la Cor\u00e9e du Nord s&#8217;en est retir\u00e9e en 2003) ;<\/p>\n<p><strong>Vu que<\/strong> cet article 6 stipule que \u00ab\u00a0<em>Chacune des Parties au Trait\u00e9 s&#8217;engage \u00e0 poursuivre de bonne foi des n\u00e9gociations sur des mesures efficaces relatives \u00e0 la cessation de la course aux armements nucl\u00e9aires \u00e0 une date rapproch\u00e9e et au d\u00e9sarmement nucl\u00e9aire et sur un trait\u00e9 de d\u00e9sarmement g\u00e9n\u00e9ral et complet sous un contr\u00f4le international strict et efficace\u00a0\u00bb.<\/em><\/p>\n<p><strong>Vu <\/strong>le Trait\u00e9 d\u2019Interdiction des Armes Nucl\u00e9aires adopt\u00e9 par l\u2019Assembl\u00e9e G\u00e9n\u00e9rale des Nations Unies en vue de la mise en \u0153uvre int\u00e9grale et effective du Trait\u00e9 sur la Non-Prolif\u00e9ration des armes nucl\u00e9aires qui stipule en son article 1 que\u00a0:<\/p>\n<p><em>\u00ab\u00a0Chaque \u00c9tat Partie s\u2019engage \u00e0 ne jamais, en aucune circonstance :<\/em><\/p>\n<ol style=\"list-style-type: lower-alpha;\">\n<li><em>Mettre au point, mettre \u00e0 l\u2019essai, produire, fabriquer, acqu\u00e9rir de quelque autre mani\u00e8re, poss\u00e9der ou stocker des armes nucl\u00e9aires ou autres dispositifs explosifs nucl\u00e9aires ;<\/em><\/li>\n<li><em>Transf\u00e9rer \u00e0 qui que ce soit, ni directement ni indirectement, des armes nucl\u00e9aires ou autres dispositifs explosifs nucl\u00e9aires, ou le contr\u00f4le de telles armes ou de tels dispositifs explosifs ; <\/em><\/li>\n<li><em>Accepter, ni directement ni indirectement, le transfert d\u2019armes nucl\u00e9aires ou autres dispositifs explosifs nucl\u00e9aires ou du contr\u00f4le de telles armes ou de tels dispositifs explosifs ; <\/em><\/li>\n<li><em>Employer ni menacer d\u2019employer des armes nucl\u00e9aires ou d\u2019autres dispositifs explosifs nucl\u00e9aires ; <\/em><\/li>\n<li><em>Aider, encourager ou inciter quiconque, de quelque mani\u00e8re que ce soit, \u00e0 se livrer \u00e0 une activit\u00e9 interdite \u00e0 un \u00c9tat Partie par le pr\u00e9sent Trait\u00e9 ; <\/em><\/li>\n<li><em>Autoriser l\u2019implantation, l\u2019installation ou le d\u00e9ploiement d\u2019armes nucl\u00e9aires ou autres dispositifs explosifs nucl\u00e9aires sur son territoire ou en tout lieu plac\u00e9 sous sa juridiction ou son contr\u00f4le.\u00a0\u00bb.<\/em><\/li>\n<\/ol>\n<p><strong>Attendu que<\/strong> la situation internationale place la question de la prolif\u00e9ration des armes nucl\u00e9aires et du d\u00e9sarmement au centre des questions cruciales de notre \u00e9poque.<\/p>\n<p><strong>Attendu que<\/strong> l&#8217;arme nucl\u00e9aire a \u00e9t\u00e9 utilis\u00e9e par deux fois dans l&#8217;histoire de l&#8217;Humanit\u00e9 (Hiroshima et Nagasaki, en ao\u00fbt 1945) ;<\/p>\n<p><strong>Attendu que<\/strong> leur prolif\u00e9ration accro\u00eet le danger d&#8217;un nouvel usage, volontaire ou accidentel ;<\/p>\n<p><strong>Attendu que<\/strong> pourtant, la prolif\u00e9ration des armes nucl\u00e9aires et leur\u00a0\u00ab\u00a0modernisation\u00a0\u00bb se poursuit et que leur danger a \u00e9t\u00e9 de nouveau soulign\u00e9 \u00e0 plusieurs reprises r\u00e9cemment.<\/p>\n<p><strong>Attendu que, <\/strong>pour faire face au danger de cette prolif\u00e9ration, la communaut\u00e9 internationale a estim\u00e9, qu&#8217;il n&#8217;y avait qu&#8217;une seule issue possible : leur \u00e9limination comme l\u2019indique l\u2019article 6 du TNP susvis\u00e9 et les attendus du Trait\u00e9 d\u2019Interdiction des Armes Nucl\u00e9aires (TIAN) fond\u00e9s sur le droit humanitaire international.<\/p>\n<p><strong>Attendu qu\u2019\u00e0<\/strong> travers notre souci et notre responsabilit\u00e9 d\u2019\u00e9lus concernant la s\u00e9curit\u00e9 de la population de notre commune, nous sommes directement concern\u00e9s par le danger de la prolif\u00e9ration des armes nucl\u00e9aires qui sont des armes dirig\u00e9es vers les populations civiles ;<\/p>\n<p><strong>\u00a0Consid\u00e9rant<\/strong> de plus l\u2019attribution du prix Nobel de la Paix \u00e0 la Campagne internationale ICAN pour l\u2019abolition des armes nucl\u00e9aires le vendredi 6 octobre 2017.<\/p>\n<p><strong>Dans ce contexte, nous consid\u00e9rons<\/strong> qu&#8217;il est important pour notre commune et ses \u00e9lus d\u2019exprimer sans plus tarder, notre souhait que, pour pr\u00e9server l&#8217;avenir de notre plan\u00e8te et des g\u00e9n\u00e9rations futures, le pr\u00e9sident de la R\u00e9publique et le Gouvernement engagent d\u00e8s maintenant le processus de ratification du Trait\u00e9 d\u2019Interdiction des Armes Nucl\u00e9aires adopt\u00e9 par l\u2019Assembl\u00e9e G\u00e9n\u00e9rale des Nations Unies le 7 juillet 2017.<\/p>\n<p>Les membres du Conseil municipal de XXXXX ont adopt\u00e9 ce v\u0153u.<\/p>\n<p>&nbsp;<\/p>\n<h3 style=\"text-align: center;\"><a href=\"https:\/\/www.mvtpaix.org\/wordpress\/wp-content\/uploads\/2018\/10\/Proposition-Voeu-Conseil-Municipal.pdf\" target=\"_blank\" rel=\"noopener\"><strong>T\u00e9l\u00e9charger la proposition\/projet de v\u0153u d\u2019un conseil municipal en PDF<\/strong><\/a><\/h3>\n<a class=\"synved-social-button synved-social-button-share synved-social-size-32 synved-social-resolution-single synved-social-provider-facebook nolightbox\" data-provider=\"facebook\" target=\"_blank\" rel=\"nofollow\" title=\"Partagez cette page sur Facebook\" href=\"https:\/\/www.facebook.com\/sharer.php?u=https%3A%2F%2Fwww.mvtpaix.org%2Fwordpress%2Fwp-json%2Fwp%2Fv2%2Fpages%2F110697&#038;t=Proposition%2Fprojet%20de%20v%C5%93u%20d%E2%80%99un%20conseil%20municipal&#038;s=100&#038;p&#091;url&#093;=https%3A%2F%2Fwww.mvtpaix.org%2Fwordpress%2Fwp-json%2Fwp%2Fv2%2Fpages%2F110697&#038;p&#091;images&#093;&#091;0&#093;=&#038;p&#091;title&#093;=Proposition%2Fprojet%20de%20v%C5%93u%20d%E2%80%99un%20conseil%20municipal\" style=\"font-size: 0px; width:32px;height:32px;margin:0;margin-bottom:5px;margin-right:5px;\"><img alt=\"Facebook\" title=\"Partagez cette page sur Facebook\" class=\"synved-share-image synved-social-image synved-social-image-share\" width=\"32\" height=\"32\" style=\"display: inline; width:32px;height:32px; margin: 0; padding: 0; border: none; box-shadow: none;\" src=\"https:\/\/www.mvtpaix.org\/wordpress\/wp-content\/plugins\/social-media-feather\/synved-social\/image\/social\/regular\/64x64\/facebook.png\" \/><\/a><a class=\"synved-social-button synved-social-button-share synved-social-size-32 synved-social-resolution-single synved-social-provider-twitter nolightbox\" data-provider=\"twitter\" target=\"_blank\" rel=\"nofollow\" title=\"Partagez cette page sur Twitter\" href=\"https:\/\/twitter.com\/intent\/tweet?url=https%3A%2F%2Fwww.mvtpaix.org%2Fwordpress%2Fwp-json%2Fwp%2Fv2%2Fpages%2F110697&#038;text=Suivez%20le%20Mouvement%20de%20la%20Paix%20\" style=\"font-size: 0px; width:32px;height:32px;margin:0;margin-bottom:5px;margin-right:5px;\"><img alt=\"twitter\" title=\"Partagez cette page sur Twitter\" class=\"synved-share-image synved-social-image synved-social-image-share\" width=\"32\" height=\"32\" style=\"display: inline; width:32px;height:32px; margin: 0; padding: 0; border: none; box-shadow: none;\" src=\"https:\/\/www.mvtpaix.org\/wordpress\/wp-content\/plugins\/social-media-feather\/synved-social\/image\/social\/regular\/64x64\/twitter.png\" \/><\/a><a class=\"synved-social-button synved-social-button-share synved-social-size-32 synved-social-resolution-single synved-social-provider-mail nolightbox\" data-provider=\"mail\" rel=\"nofollow\" title=\"Partagez-nous par email\" href=\"mailto:?subject=Proposition%2Fprojet%20de%20v%C5%93u%20d%E2%80%99un%20conseil%20municipal&#038;body=Suivez%20le%20Mouvement%20de%20la%20Paix%20:%20https%3A%2F%2Fwww.mvtpaix.org%2Fwordpress%2Fwp-json%2Fwp%2Fv2%2Fpages%2F110697\" style=\"font-size: 0px; width:32px;height:32px;margin:0;margin-bottom:5px;\"><img alt=\"mail\" title=\"Partagez-nous par email\" class=\"synved-share-image synved-social-image synved-social-image-share\" width=\"32\" height=\"32\" style=\"display: inline; width:32px;height:32px; margin: 0; padding: 0; border: none; box-shadow: none;\" src=\"https:\/\/www.mvtpaix.org\/wordpress\/wp-content\/plugins\/social-media-feather\/synved-social\/image\/social\/regular\/64x64\/mail.png\" \/><\/a>","protected":false},"excerpt":{"rendered":"<p>Proposition du Mouvement de la Paix visant \u00e0 ce qu\u2019\u00e0 l\u2019issue des Marches pour la Paix et des initiatives diverses conduites dans de nombreuses communes de France dans le cadre de la Journ\u00e9e internationale de la Paix 2018, la proposition de v\u0153u ci-apr\u00e8s soit d\u00e9pos\u00e9e dans le plus grand nombre de mairies, pour une adoption [&hellip;]<\/p>\n","protected":false},"author":1,"featured_media":0,"parent":0,"menu_order":0,"comment_status":"open","ping_status":"open","template":"page-full-width.php","meta":[],"categories":[156],"tags":[654,878,633,879],"_links":{"self":[{"href":"https:\/\/www.mvtpaix.org\/wordpress\/wp-json\/wp\/v2\/pages\/110697"}],"collection":[{"href":"https:\/\/www.mvtpaix.org\/wordpress\/wp-json\/wp\/v2\/pages"}],"about":[{"href":"https:\/\/www.mvtpaix.org\/wordpress\/wp-json\/wp\/v2\/types\/page"}],"author":[{"embeddable":true,"href":"https:\/\/www.mvtpaix.org\/wordpress\/wp-json\/wp\/v2\/users\/1"}],"replies":[{"embeddable":true,"href":"https:\/\/www.mvtpaix.org\/wordpress\/wp-json\/wp\/v2\/comments?post=110697"}],"version-history":[{"count":4,"href":"https:\/\/www.mvtpaix.org\/wordpress\/wp-json\/wp\/v2\/pages\/110697\/revisions"}],"predecessor-version":[{"id":110712,"href":"https:\/\/www.mvtpaix.org\/wordpress\/wp-json\/wp\/v2\/pages\/110697\/revisions\/110712"}],"wp:attachment":[{"href":"https:\/\/www.mvtpaix.org\/wordpress\/wp-json\/wp\/v2\/media?parent=110697"}],"wp:term":[{"taxonomy":"category","embeddable":true,"href":"https:\/\/www.mvtpaix.org\/wordpress\/wp-json\/wp\/v2\/categories?post=110697"},{"taxonomy":"post_tag","embeddable":true,"href":"https:\/\/www.mvtpaix.org\/wordpress\/wp-json\/wp\/v2\/tags?post=110697"}],"curies":[{"name":"wp","href":"https:\/\/api.w.org\/{rel}","templated":true}]}}