{"id":109956,"date":"2018-07-18T12:36:08","date_gmt":"2018-07-18T10:36:08","guid":{"rendered":"http:\/\/www.mvtpaix.org\/wordpress\/?page_id=109956"},"modified":"2020-01-14T12:58:32","modified_gmt":"2020-01-14T11:58:32","slug":"jusqua-quand-laisseront-ils-faire-netanyahu-et-sa-politique-criminelle","status":"publish","type":"page","link":"https:\/\/www.mvtpaix.org\/wordpress\/jusqua-quand-laisseront-ils-faire-netanyahu-et-sa-politique-criminelle\/","title":{"rendered":"Jusqu\u2019\u00e0 quand laisseront-ils faire Netanyahu et sa politique criminelle\u00a0?!"},"content":{"rendered":"<p style=\"text-align: justify;\">Deux adolescents de 15 et 16 ans ont \u00e9t\u00e9 tu\u00e9s et 25 bless\u00e9s suite \u00e0 des bombardements isra\u00e9liens d\u2019un immeuble en construction, contre les civils de Gaza samedi 14 juillet dernier.<\/p>\n<p style=\"text-align: justify;\">Amir Al Namra, l\u2019une des 2 victimes, se trouvait sur le toit de l\u2019immeuble vis\u00e9 par l\u2019aviation isra\u00e9lienne. D&#8217;apr\u00e8s son oncle, l\u2019espace vert situ\u00e9 devant \u00e9tait un de ses terrains de jeu habituel. <em>\u00ab\u00a0Il \u00e9tait all\u00e9 jouer l\u00e0-bas. Avec son ami, ils avaient pris un sandwich, un shawarma, et ils s\u2019\u00e9taient rendus sur le terrain. Ils voulaient prendre une photo sur le toit\u00a0: c\u2019est l\u00e0 que l\u2019attaque a eu lieu\u00a0\u00bb.<\/em><\/p>\n<p style=\"text-align: justify;\">Dimanche 15 juillet, plusieurs dizaines de personnes se sont rassembl\u00e9es spontan\u00e9ment selon Ziad Medoukh, directeur du d\u00e9partement de langue fran\u00e7aise \u00e0 l\u2019universit\u00e9 Al Aqsa situ\u00e9e de l\u2019autre c\u00f4t\u00e9 de la rue. <em>\u00ab\u00a0C\u2019est pour rendre hommage aux victimes d\u2019hier, les deux adolescents et les bless\u00e9s. C\u2019est pour envoyer un message\u00a0: que c\u2019est un lieu public, c\u2019est un parc de loisirs qui \u00e9tait vis\u00e9, un rassemblement spontan\u00e9\u00a0\u00bb.<\/em><\/p>\n<p style=\"text-align: justify;\">\u00c0 cela s\u2019ajoute le renforcement du blocus qui dure depuis plus de 11 ans par la fermeture du dernier point de passage encore en service, Karem Abou Salem, \u00e0 toute marchandise hors d\u2019un flux r\u00e9duit de produits alimentaires et agricoles et de fournitures m\u00e9dicales. La reconstruction suite aux destructions massives de 2014 est loin d\u2019\u00eatre termin\u00e9e et la rentr\u00e9e scolaire risque d\u2019\u00eatre tr\u00e8s compromise faute de fournitures pour l\u2019imprimerie ou pour la fabrication des v\u00eatements. Et la zone de p\u00eache, d\u00e9j\u00e0 tr\u00e8s restreinte, est \u00e0 nouveau r\u00e9duite.<\/p>\n<p style=\"text-align: justify;\">Netanyahou et son gouvernement d\u2019extr\u00eame droite montrent encore une fois qu\u2019ils veulent aller toujours plus loin dans leur entreprise de destruction de la soci\u00e9t\u00e9 palestinienne \u00e0 Gaza. Mais qui les en emp\u00eache\u00a0?<\/p>\n<p style=\"text-align: justify;\">Le Mouvement de la Paix tient \u00e0 d\u00e9noncer vigoureusement le silence complice du gouvernement fran\u00e7ais. Aucune r\u00e9action de la part du Minist\u00e8re des Affaires \u00e9trang\u00e8res !<\/p>\n<p style=\"text-align: justify;\">A part des d\u00e9clarations de principe, aucune action pour stopper cette politique criminelle d\u2019un \u00c9tat qui se pr\u00e9tend le plus d\u00e9mocratique de la r\u00e9gion et dont l\u2019arm\u00e9e est pr\u00e9sent\u00e9e comme la plus \u00e9thique du monde.<\/p>\n<p style=\"text-align: justify;\">Seules des sanctions contre l\u2019\u00c9tat d\u2019Isra\u00ebl de la part de la France et de l\u2019Europe peuvent permettre d\u2019obtenir la lev\u00e9e du blocus de Gaza et d\u2019arr\u00eater cette politique criminelle qui viole chaque jour le droit international.<\/p>\n<p style=\"text-align: justify;\">Le Mouvement de la Paix soutient la proposition des Nations Unies d\u2019une enqu\u00eate ind\u00e9pendante concernant les bombardements.<\/p>\n<p style=\"text-align: justify;\">Il r\u00e9it\u00e8re ses demandes nombreuses, avec d\u2019autres, en vue de l\u2019application enti\u00e8re et imm\u00e9diate du droit international, il enjoint les \u00c9tats, dont la France et l\u2019UE qui parlent mais n\u2019agissent pas, \u00e0 assurer que ce droit soit enfin appliqu\u00e9, comme le stipule la derni\u00e8re r\u00e9solution de l\u2019ONU de d\u00e9cembre 2016 et il consid\u00e8re que, dans cette r\u00e9gion, seuls le droit et la justice seront les fondements d\u2019une paix pour tous.<\/p>\n<p style=\"text-align: justify;\">Il demande au gouvernement fran\u00e7ais de reconna\u00eetre l\u2019\u00c9tat de Palestine conform\u00e9ment au v\u0153u du parlement et d\u2019exiger que des mesures soient prises pour prot\u00e9ger le peuple Palestinien.<\/p>\n<p style=\"text-align: right;\"><strong><br \/>\n <em>A Paris, le 18 juillet 2018<\/em><\/strong><\/p>\n<p style=\"text-align: right;\"><em><strong>Le Mouvement de la Paix<\/strong><\/em><\/p>\n<h3 style=\"text-align: center;\"><a href=\"https:\/\/www.mvtpaix.org\/wordpress\/wp-content\/uploads\/2018\/08\/CP-Netanyahu-politique-criminelle.pdf\"><strong>Voir ce communiqu\u00e9 en PDF<\/strong><\/a><\/h3>\n<a class=\"synved-social-button synved-social-button-share synved-social-size-32 synved-social-resolution-single synved-social-provider-facebook nolightbox\" data-provider=\"facebook\" target=\"_blank\" rel=\"nofollow\" title=\"Partagez cette page sur Facebook\" href=\"https:\/\/www.facebook.com\/sharer.php?u=https%3A%2F%2Fwww.mvtpaix.org%2Fwordpress%2Fwp-json%2Fwp%2Fv2%2Fpages%2F109956&#038;t=Jusqu%E2%80%99%C3%A0%20quand%20laisseront-ils%20faire%20Netanyahu%20et%20sa%20politique%20criminelle%C2%A0%3F%21&#038;s=100&#038;p&#091;url&#093;=https%3A%2F%2Fwww.mvtpaix.org%2Fwordpress%2Fwp-json%2Fwp%2Fv2%2Fpages%2F109956&#038;p&#091;images&#093;&#091;0&#093;=&#038;p&#091;title&#093;=Jusqu%E2%80%99%C3%A0%20quand%20laisseront-ils%20faire%20Netanyahu%20et%20sa%20politique%20criminelle%C2%A0%3F%21\" style=\"font-size: 0px; width:32px;height:32px;margin:0;margin-bottom:5px;margin-right:5px;\"><img alt=\"Facebook\" title=\"Partagez cette page sur Facebook\" class=\"synved-share-image synved-social-image synved-social-image-share\" width=\"32\" height=\"32\" style=\"display: inline; width:32px;height:32px; margin: 0; padding: 0; border: none; box-shadow: none;\" src=\"https:\/\/www.mvtpaix.org\/wordpress\/wp-content\/plugins\/social-media-feather\/synved-social\/image\/social\/regular\/64x64\/facebook.png\" \/><\/a><a class=\"synved-social-button synved-social-button-share synved-social-size-32 synved-social-resolution-single synved-social-provider-twitter nolightbox\" data-provider=\"twitter\" target=\"_blank\" rel=\"nofollow\" title=\"Partagez cette page sur Twitter\" href=\"https:\/\/twitter.com\/intent\/tweet?url=https%3A%2F%2Fwww.mvtpaix.org%2Fwordpress%2Fwp-json%2Fwp%2Fv2%2Fpages%2F109956&#038;text=Suivez%20le%20Mouvement%20de%20la%20Paix%20\" style=\"font-size: 0px; width:32px;height:32px;margin:0;margin-bottom:5px;margin-right:5px;\"><img alt=\"twitter\" title=\"Partagez cette page sur Twitter\" class=\"synved-share-image synved-social-image synved-social-image-share\" width=\"32\" height=\"32\" style=\"display: inline; width:32px;height:32px; margin: 0; padding: 0; border: none; box-shadow: none;\" src=\"https:\/\/www.mvtpaix.org\/wordpress\/wp-content\/plugins\/social-media-feather\/synved-social\/image\/social\/regular\/64x64\/twitter.png\" \/><\/a><a class=\"synved-social-button synved-social-button-share synved-social-size-32 synved-social-resolution-single synved-social-provider-mail nolightbox\" data-provider=\"mail\" rel=\"nofollow\" title=\"Partagez-nous par email\" href=\"mailto:?subject=Jusqu%E2%80%99%C3%A0%20quand%20laisseront-ils%20faire%20Netanyahu%20et%20sa%20politique%20criminelle%C2%A0%3F%21&#038;body=Suivez%20le%20Mouvement%20de%20la%20Paix%20:%20https%3A%2F%2Fwww.mvtpaix.org%2Fwordpress%2Fwp-json%2Fwp%2Fv2%2Fpages%2F109956\" style=\"font-size: 0px; width:32px;height:32px;margin:0;margin-bottom:5px;\"><img alt=\"mail\" title=\"Partagez-nous par email\" class=\"synved-share-image synved-social-image synved-social-image-share\" width=\"32\" height=\"32\" style=\"display: inline; width:32px;height:32px; margin: 0; padding: 0; border: none; box-shadow: none;\" src=\"https:\/\/www.mvtpaix.org\/wordpress\/wp-content\/plugins\/social-media-feather\/synved-social\/image\/social\/regular\/64x64\/mail.png\" \/><\/a>","protected":false},"excerpt":{"rendered":"<p>Deux adolescents de 15 et 16 ans ont \u00e9t\u00e9 tu\u00e9s et 25 bless\u00e9s suite \u00e0 des bombardements isra\u00e9liens d\u2019un immeuble en construction, contre les civils de Gaza samedi 14 juillet dernier. Amir Al Namra, l\u2019une des 2 victimes, se trouvait sur le toit de l\u2019immeuble vis\u00e9 par l\u2019aviation isra\u00e9lienne. D&#8217;apr\u00e8s son oncle, l\u2019espace vert situ\u00e9 [&hellip;]<\/p>\n","protected":false},"author":1,"featured_media":0,"parent":0,"menu_order":0,"comment_status":"open","ping_status":"closed","template":"","meta":[],"categories":[3],"tags":[658,303],"_links":{"self":[{"href":"https:\/\/www.mvtpaix.org\/wordpress\/wp-json\/wp\/v2\/pages\/109956"}],"collection":[{"href":"https:\/\/www.mvtpaix.org\/wordpress\/wp-json\/wp\/v2\/pages"}],"about":[{"href":"https:\/\/www.mvtpaix.org\/wordpress\/wp-json\/wp\/v2\/types\/page"}],"author":[{"embeddable":true,"href":"https:\/\/www.mvtpaix.org\/wordpress\/wp-json\/wp\/v2\/users\/1"}],"replies":[{"embeddable":true,"href":"https:\/\/www.mvtpaix.org\/wordpress\/wp-json\/wp\/v2\/comments?post=109956"}],"version-history":[{"count":3,"href":"https:\/\/www.mvtpaix.org\/wordpress\/wp-json\/wp\/v2\/pages\/109956\/revisions"}],"predecessor-version":[{"id":110017,"href":"https:\/\/www.mvtpaix.org\/wordpress\/wp-json\/wp\/v2\/pages\/109956\/revisions\/110017"}],"wp:attachment":[{"href":"https:\/\/www.mvtpaix.org\/wordpress\/wp-json\/wp\/v2\/media?parent=109956"}],"wp:term":[{"taxonomy":"category","embeddable":true,"href":"https:\/\/www.mvtpaix.org\/wordpress\/wp-json\/wp\/v2\/categories?post=109956"},{"taxonomy":"post_tag","embeddable":true,"href":"https:\/\/www.mvtpaix.org\/wordpress\/wp-json\/wp\/v2\/tags?post=109956"}],"curies":[{"name":"wp","href":"https:\/\/api.w.org\/{rel}","templated":true}]}}